{"id":19490,"date":"2022-09-23T22:39:57","date_gmt":"2022-09-23T20:39:57","guid":{"rendered":"https:\/\/planete-urgence.org\/mission\/biomonitoring-des-especes-de-mammiferes-dans-la-foret-classee-de-la-lama-au-sud-benin\/"},"modified":"2026-04-30T11:54:58","modified_gmt":"2026-04-30T09:54:58","slug":"biomonitoring-mammiferes-foret-de-la-lama-sud-benin","status":"publish","type":"mission","link":"https:\/\/planete-urgence.org\/id\/mission\/biomonitoring-mammiferes-foret-de-la-lama-sud-benin\/","title":{"rendered":"Inventaire et suivi de mammif\u00e8res dans la for\u00eat class\u00e9e de La Lama."},"content":{"rendered":"<div id=\"field_62b4befa13dbd\" class=\"container-fluid px-0 flexible_section block_innertemplate\">\n <div id=\"field_62b4befa13dbd_inner\" class=\"container flexible_section_inner\">\n\n   <div class=\"row flexible_section_content\">\n\n\n\n\t<section id=\"primary\" class=\"container content-area mainsinglemission\">\n\t\t<div id=\"main\" class=\"site-main\" role=\"main\">\n\n\t\t\t<div id=\"singlemission\">\n\n\t\t\t\t<div class=\"row mission_header bg-white pt-3\"><div id=\"mission_header_image\" class=\"col-12\">\t\n\t\t\t\t\t\t<img decoding=\"async\" src=\"https:\/\/planete-urgence.org\/wp-content\/uploads\/2022\/09\/Inventaire-de-mammiferes-dans-la-foret-classee-de-La-Lama-BE4KC1.jpg\" alt=\"Inventaire et suivi de mammif\u00e8res dans la for\u00eat class\u00e9e de La Lama.\" class=\"thumbmission\" \/>\n\t\t\t\t\t\t<\/div><div id=\"more_mission\" class=\"col-12 text-right w-100 pt-3 pr-3\"><a href=\"https:\/\/planete-urgence.org\/missions-volontariat\/\">Nos missions<\/a><\/div>\n            \t\n\t\t\t\t\t<div id=\"mission_header_title\" class=\"col-12 px-3 pb-3\">\t\n            \n\t\t\t\t\t\t<h1>Inventaire et suivi de mammif\u00e8res dans la for\u00eat class\u00e9e de La Lama.<\/h1>\n                \n\t\t\t\t\t<\/div>\n\n\t\t\t\t<\/div>\t\n            \n\t\t\t\t<div class=\"row mission_body my-5 pb-5\">\n\n\t\t\t\t\t<div class=\"col-12 col-sm-8 projetenvironnement_body_left order-2 order-sm-1\"><div class=\"mission_body_content_part single_content_part mt-3\">\n\t\t\t\t\t\t\t\t<div>Cette mission consiste \u00e0 faire du bio monitoring (\u00e9valuation et inventaire) aupr\u00e8s de l\u2019\u00e9quipe de GeoEBC (GeoEnvironnement and Biodiversity Conservation ONG ), afin de recenser les esp\u00e8ces de mammif\u00e8res dans la for\u00eat class\u00e9e de La Lama ( Sud B\u00e9nin) et de suivre leur \u00e9volution.<\/div>\n\t\t\t\t\t\t\t<\/div>\n\n\t\t\t\t\t\t\t<div class=\"accordion mt-3 mb-3\" id=\"accordionMission\">\n\n\t\t\t\t\t\t\t\t<div class=\"card\">\n\t\t\t\t\t\t\t\t\t<div class=\"card-header\" id=\"MissionDescription\">\n\t\t\t\t\t\t\t\t\t\t<h3 class=\"mb-0\" data-toggle=\"collapse\" data-target=\"#collapseDescription\" aria-expanded=\"true\" aria-controls=\"collapseOne\">\n\t\t\t\t\t\t\t\t\t\t\t<span class=\"pull-left pr-3\"><i class=\"fas fa-angle-down\"><\/i><\/span> Description\n\t\t\t\t\t\t\t\t\t\t<\/h3>\n\t\t\t\t\t\t\t\t\t<\/div>\n\t\t\t\t\t\t\t\t\t<div id=\"collapseDescription\" class=\"collapse\" aria-labelledby=\"MissionDescription\" data-parent=\"#accordionMission\">\n\t\t\t\t\t\t\t\t\t\t<div class=\"card-body\"><div class=\"mission_body_content_part single_content_part mt-3\">\n\t\t\t\t\t\t\t\t\t\t\t\t<h3>Objectifs<\/h3>\n\t\t\t\t\t\t\t\t\t\t\t\t<div>Au B\u00e9nin, on constate une forte pression exerc\u00e9e sur les for\u00eats naturelles par les communaut\u00e9s locales : conversion de la for\u00eat naturelle en terres agricoles, recherche de bois d\u2019\u0153uvre et de bois de chauffe ainsi que la chasse ; ceci contribue \u00e0  la rar\u00e9faction de plusieurs esp\u00e8ces, tant animales que v\u00e9g\u00e9tales et \u00e0 la destruction de l&#8217;habitat;<br \/>\n<br \/>\nLa for\u00eat class\u00e9e de la Lama est l\u2019une des derni\u00e8res for\u00eats denses au B\u00e9nin. Elle abrite une forte diversit\u00e9 d\u2019esp\u00e8ces de faune qui sont menac\u00e9es ou niveau  national et international. De plus, elle abrite la plus grande population de singes \u00e0 ventre rouge, une sous-esp\u00e8ce en danger critique d\u2019extinction selon la liste rouge des esp\u00e8ces menac\u00e9es selon l&#8217;UICN. Pourtant,  autour de la r\u00e9serve foresti\u00e8re de Lama, dans le village de Tegon se trouve le plus grand march\u00e9 de viande de brousse. Ce march\u00e9 est approvisionn\u00e9 principalement par des esp\u00e8ces braconn\u00e9es dans la r\u00e9serve foresti\u00e8re de la Lama. <br \/>\n<br \/>\nGeoEBC intervient dans la conservation de la biodiversit\u00e9 tout en participant \u00e0 l&#8217;am\u00e9lioration du bien-\u00eatre des communaut\u00e9s locales. C\u2019est donc en r\u00e9ponse \u00e0 sa vision que GeoEBC s\u2019est engag\u00e9 dans cette action de faire l\u2019inventaire des esp\u00e8ces de cette faune afin d\u2019en assurer la protection. Le recensement permet de disposer des donn\u00e9es  sur la densit\u00e9 et \u00e9galement sur le comportement au niveau social de chaque esp\u00e8ce. Gr\u00e2ce \u00e0 ces d\u00e9nombrements, on disposera  de bases claires des esp\u00e8ces pr\u00e9sentes dans la for\u00eat. <br \/>\n<br \/>\nGeoEBC a choisi Plan\u00e8te Urgence pour son expertise au B\u00e9nin, pour avoir conduit plusieurs missions r\u00e9ussies et pour avoir apport\u00e9 une aide aux organisations dans la conduite de leur projet de conservation. Les volontaires de Plan\u00e8te Urgence viennent pour d\u00e9fendre les valeurs de protection de la biodiversit\u00e9 et de la faune menac\u00e9e. Leur pr\u00e9sence permettra \u00e0 l&#8217;association d&#8217;effectuer de nombreux transects et de multiplier ainsi  les recensements.<\/div>\n\t\t\t\t\t\t\t\t\t\t\t<\/div><div class=\"mission_body_content_part single_content_part mt-3\">\n\t\t\t\t\t\t\t\t\t\t\t\t<h3>Intervention attendue du volontaire<\/h3>\n\t\t\t\t\t\t\t\t\t\t\t\t<div>Les activit\u00e9s principales sont les suivantes:<br \/>\n&#8211;\tSuivi des mammif\u00e8res prioritairement des primates \u00e0 travers de la collecte et de l\u2019enregistrement de photos des cam\u00e9ras pi\u00e8ge pos\u00e9es dans la canop\u00e9e.<br \/>\n&#8211;\tEtudes des mammif\u00e8res gr\u00e2ce \u00e0 la m\u00e9thode de transects\/observations directes de leur pr\u00e9sence ( cris, empreintes, crottes&#8230;).<br \/>\n<br \/>\nLe mode de transport pour faire les activit\u00e9s est \u00e0 pied &#8211; marche moyenne de 6 \u00e0 10 km\/jour. Ces sorties permettent de r\u00e9unir des donn\u00e9es et des fiches qui seront ensuite int\u00e9gr\u00e9es dans la base de donn\u00e9es (tableaux de suivi Excel et tableaux de cartographie notamment).<\/div>\n\t\t\t\t\t\t\t\t\t\t\t<\/div><div class=\"mission_body_content_part single_content_part mt-3\">\n\t\t\t\t\t\t\t\t\t\t\t\t<h3>Remarque(s)<\/h3>\n\t\t\t\t\t\t\t\t\t\t\t\t<div>Etre en tr\u00e8s bonne condition physique est n\u00e9cessaire (grandes distances \u00e0 parcourir ). La for\u00eat se trouve dans une zone humide, il y fait tr\u00e8s chaud, les conditions climatiques et le terrain rendent  la marche tr\u00e8s difficile ( boue et rivi\u00e8re). <br \/>\n<br \/>\nN&#8217;emportez que des pantalons larges et longs, chapeaux, et sacs de couleur sombre ( pas de couleur vive) mais aussi des habits l\u00e9gers pour le week-end et le soir. Des chaussettes hautes <br \/>\n(contre les moustiques) sont n\u00e9cessaires. Privil\u00e9giez la mati\u00e8re synth\u00e9tique plut\u00f4t que le coton. \u00c9quipement doit \u00eatre adapt\u00e9 \u00e0 la p\u00e9riode ( saison s\u00e8che et saison des pluies). <br \/>\nLa mission ouvre le 25 avril  jusqu&#8217;\u00e0 la fin de l&#8217;ann\u00e9e.  En fonction des saisons, certains animaux ne sont pas toujours visibles.<\/div>\n\t\t\t\t\t\t\t\t\t\t\t<\/div>\n\t\t\t\t\t\t\t\t\t\t\t\t\t<div class=\"mission_body_content_part single_content_part mt-3\">\n\t\t\t\t\t\t\t\t\t\t\t\t\t\t<h3>Nombre de volontaires requis<\/h3>\n\t\t\t\t\t\t\t\t\t\t\t\t\t\t<p>De 2 &agrave; 3 volontaires<\/p>\n\t\t\t\t\t\t\t\t\t\t\t\t\t<\/div><div class=\"mission_body_content_part single_content_part mt-3\">\n\t\t\t\t\t\t\t\t\t\t\t\t<h3>Motivation attendue<\/h3>\n\t\t\t\t\t\t\t\t\t\t\t\t<p>Toute personne sensibilis\u00e9e \u00e0 la question de la protection de la  biodiversit\u00e9 et de la sauvegarde animale et qui d\u00e9sire ardemment apporter ses comp\u00e9tences et son \u00e9nergie pour sa conservation est la bienvenue.  Une bonne capacit\u00e9 d&#8217;adaptation est n\u00e9cessaire.<\/p>\n\t\t\t\t\t\t\t\t\t\t\t<\/div>\t\t<\/div>\n\t\t\t\t\t\t\t\t\t<\/div>\n\t\t\t\t\t\t\t\t<\/div>\n\n\t\t\t\t\t\t\t\t<div class=\"card\">\n\t\t\t\t\t\t\t\t\t<div class=\"card-header\" id=\"MissionPartenaires\">\n\t\t\t\t\t\t\t\t\t\t<h3 class=\"mb-0\" data-toggle=\"collapse\" data-target=\"#collapsePartenaires\" aria-expanded=\"true\" aria-controls=\"collapseOne\">\n\t\t\t\t\t\t\t\t\t\t\t<span class=\"pull-left pr-3\"><i class=\"fas fa-angle-down\"><\/i><\/span> Le partenaire\n\t\t\t\t\t\t\t\t\t\t<\/h3>\n\t\t\t\t\t\t\t\t\t<\/div>\n\t\t\t\t\t\t\t\t\t<div id=\"collapsePartenaires\" class=\"collapse\" aria-labelledby=\"MissionPartenaires\" data-parent=\"#accordionMission\">\n\t\t\t\t\t\t\t\t\t\t<div class=\"card-body\"><div class=\"mission_body_content_part single_content_part mt-3\">\n\t\t\t\t\t\t\t\t\t\t\t\t<h3>Notre partenaire local<\/h3>\n\t\t\t\t\t\t\t\t\t\t\t\t<p>GeoEnvironnement and Biodiversity Conservation ONG<\/p>\n\t\t\t\t\t\t\t\t\t\t\t<\/div><div class=\"mission_body_content_part single_content_part mt-3\">\n\t\t\t\t\t\t\t\t\t\t\t\t<h3>Historique<\/h3>\n\t\t\t\t\t\t\t\t\t\t\t\t<p>L\u2019ONG GeoEnvironment and Biodiversity Conservation (GeoEBC) a \u00e9t\u00e9 cr\u00e9\u00e9 le 23 D\u00e9cembre 2019 par un collectif de jeune conservateurs que sont : ZOFFOUN Ghislain, ALES Nazif et DJAGOUN Jo\u00ebl.<\/p>\n\t\t\t\t\t\t\t\t\t\t\t<\/div>\t\t<\/div>\n\t\t\t\t\t\t\t\t\t<\/div>\n\t\t\t\t\t\t\t\t<\/div> \n\n\t\t\t\t\t\t\t\t<div class=\"card\">\n\t\t\t\t\t\t\t\t\t<div class=\"card-header\" id=\"MissionInformations\">\n\t\t\t\t\t\t\t\t\t\t<h3 class=\"mb-0\" data-toggle=\"collapse\" data-target=\"#collapseInformations\" aria-expanded=\"true\" aria-controls=\"collapseOne\">\n\t\t\t\t\t\t\t\t\t\t\t<span class=\"pull-left pr-3\"><i class=\"fas fa-angle-down\"><\/i><\/span> Informations pratiques\n\t\t\t\t\t\t\t\t\t\t<\/h3>\n\t\t\t\t\t\t\t\t\t<\/div>\n\t\t\t\t\t\t\t\t\t<div id=\"collapseInformations\" class=\"collapse\" aria-labelledby=\"MissionInformations\" data-parent=\"#accordionMission\">\n\t\t\t\t\t\t\t\t\t\t<div class=\"card-body\"><div class=\"mission_body_content_part single_content_part mt-3\">\n\t\t\t\t\t\t\t\t\t\t\t\t<h3>Accueil et transfert<\/h3>\n\t\t\t\t\t\t\t\t\t\t\t\t<div>Les volontaires seront accueillis \u00e0 l\u2019a\u00e9roport par un membre de GeoEBC.<br \/>\nLe\/la volontaire passera sa premi\u00e8re nuit \u00e0 Abomey-Calavi, lieu o\u00f9 se situe le si\u00e8ge de l\u2019ONG. Le lendemain, le\/la volontaire voyagera \u00e0 bord d\u2019un v\u00e9hicule de location  de Abomey-Calavi au lieu de la mission. Le trajet dure environ 3 heures.<br \/>\nEntre le logement et le lieu de la mission, la distance va varier chaque jour en fonction de la zone dans laquelle le travail se fera; La distance moyenne est d\u2019environ 20 km. Ces d\u00e9placements seront effectu\u00e9s \u00e0 moto<br \/>\n ( casques fournis)<\/div>\n\t\t\t\t\t\t\t\t\t\t\t<\/div><div class=\"mission_body_content_part single_content_part mt-3\">\n\t\t\t\t\t\t\t\t\t\t\t\t<h3>A\u00e9roport d&#8217;arriv\u00e9e<\/h3>\n\t\t\t\t\t\t\t\t\t\t\t\t<div>A\u00e9roport International cardinal Bernadin Gantin de Cotonou<\/div>\n\t\t\t\t\t\t\t\t\t\t\t<\/div><div class=\"mission_body_content_part single_content_part mt-3\">\n\t\t\t\t\t\t\t\t\t\t\t\t<h3>H\u00e9bergement<\/h3>\n\t\t\t\t\t\t\t\t\t\t\t\t<div>Les volontaires seront log\u00e9s dans l\u2019h\u00f4tel Rosi\u00e8re \u00e0 Agrimey. Chaque volontaire disposera d\u2019une chambre individuelle, d\u2019une salle de bain et wc. Les lits sont \u00e9quip\u00e9s de moustiquaire et les volontaires auront acc\u00e8s \u00e0 l\u2019\u00e9lectricit\u00e9. Les chambres ne disposent pas de climatisation mais sont s\u00e9curis\u00e9es. Pensez \u00e0 prendre une multi-prise.<\/div>\n\t\t\t\t\t\t\t\t\t\t\t<\/div><div class=\"mission_body_content_part single_content_part mt-3\">\n\t\t\t\t\t\t\t\t\t\t\t\t<h3>Mat\u00e9riel disponible sur place<\/h3>\n\t\t\t\t\t\t\t\t\t\t\t\t<div>GeoEBC dispose comme mat\u00e9riel des GPS, un compas ou boussole, des jumelles, des cam\u00e9ras.  Les volontaires peuvent apporter un bon appareil photo et des jumelles. Une grande gourde  et un sac \u00e0 dos sont obligatoires.  Il est \u00e9galement conseill\u00e9 de pr\u00e9voir une paire de bottes pour la  p\u00e9riode de pluie\/ chaussures de marche.  et des charlottes pour le casque.<\/div>\n\t\t\t\t\t\t\t\t\t\t\t<\/div>\t\t<\/div>\n\t\t\t\t\t\t\t\t\t<\/div>\n\t\t\t\t\t\t\t\t<\/div> \n\n\t\t\t\t\t\t<\/div>\n\t\t\t\t\t\t                \n\t\t\t\t\t\t<p class=\"postuler red-button d-sm-none\">\n\t\t\t\t\t\t\t\t\t<a href=\"https:\/\/planete-urgence.org\/postuler\/?refmission=BE4KC1\" class=\"d-sm-none w-100\">Je postule<\/a>\n\t\t\t\t\t\t<\/p>\n                \n\t\t\t\t\t<\/div>\n\n\t\t\t\t\t<div class=\"col-12 col-sm-4 mission_body_right order-1 order-sm-2 px-0 px-sm-3\">\n\n\t\t\t\t\t\t<div class=\"mission_body_right_inner\">\n                        \n                        \t<p class=\"postuler red-button mn-3\">\n                            \t<a href=\"https:\/\/planete-urgence.org\/postuler\/?refmission=BE4KC1\" class=\"w-100\">Je postule<\/a>\n                            <\/p>\n                            \n                            <div class=\"mission_body_right_inner_first\">\n                            \n                                <p class=\"mb-2\" style=\"padding-left: 55px;\"><span>Code mission : <\/span>BE4KC1<\/p>\n                                <p class=\"mb-2 missionrightpicto\"><img decoding=\"async\" src=\"https:\/\/planete-urgence.org\/wp-content\/uploads\/2023\/06\/picto_partenaire.png\" class=\"alignleft mb-3\" \/><span>Partenaire :<\/span><br \/>GeoEnvironnement and Biodiversity Conservation ONG<\/p>\n                                <p class=\"mb-2 missionrightpicto\"><img decoding=\"async\" src=\"https:\/\/planete-urgence.org\/wp-content\/uploads\/2023\/06\/picto_localisation.png\" class=\"alignleft mb-3\" \/><span>Localisation :<\/span><br \/>B\u00e9nin, Afrique de l&#8217;Ouest, Zogbodomey<\/p>\n\t\t\t\t\t\t\t\t<div class=\"mb-2 missionrightpicto\"><img decoding=\"async\" src=\"https:\/\/planete-urgence.org\/wp-content\/uploads\/2023\/06\/picto_langues.png\" class=\"alignleft mb-3\" \/><span>Langues :<\/span><p class=\"mb-1\"><b class=\"lang\">Francais<\/b><\/p><\/div>\n                                <p class=\"mb-2 missionrightpicto\"><img decoding=\"async\" src=\"https:\/\/planete-urgence.org\/wp-content\/uploads\/2023\/06\/picto_intervention.png\" class=\"alignleft mb-3\" \/><span>Type d&#8217;intervention :<\/span><br \/>Protection de la biodiversit\u00e9<\/p><p class=\"mb-2 missionrightpicto\"><img decoding=\"async\" src=\"https:\/\/planete-urgence.org\/wp-content\/uploads\/2023\/06\/picto_competences.png\" class=\"alignleft mb-3\" \/><span>Comp\u00e9tences :<\/span><br \/>Biodiversit\u00e9<\/p><p class=\"mb-2 missionrightpicto\"><img decoding=\"async\" src=\"https:\/\/planete-urgence.org\/wp-content\/uploads\/2023\/06\/picto_dispositifs.png\" class=\"alignleft mb-3\" \/><span>Dispositif(s) possible(s) :<\/span><br \/>\n\t\t\t\t\t\t\t\t\t\t<a href=\"https:\/\/planete-urgence.org\/nos-dispositifs-de-volontariat\/le-conge-solidaire\/\">Cong\u00e9 Solidaire<\/a>, <a href=\"https:\/\/planete-urgence.org\/nos-dispositifs-de-volontariat\/mission-solidaire\/\">Mission Solidaire<\/a>\n\t\t\t\t\t\t\t\t\t<\/p><p class=\"mb-2 missionrightpicto\"><img decoding=\"async\" src=\"https:\/\/planete-urgence.org\/wp-content\/uploads\/2023\/06\/picto_duree.png\" class=\"alignleft mb-3\" \/><span>Dur\u00e9e :<\/span><br \/>2 semaines<\/p><p class=\"mb-2 missionrightpicto\"><img decoding=\"async\" src=\"https:\/\/planete-urgence.org\/wp-content\/uploads\/2023\/06\/picto_dates.png\" class=\"alignleft mb-3\" \/><span>Mission disponible toute l&#8217;ann\u00e9e<\/span><\/p><\/div>\n\t\t\t\t\t\t\t<p class=\"postuler red-button mt-3\">\n                            \t<a href=\"https:\/\/planete-urgence.org\/missions-volontariat\/\">Nos missions<\/a>\n                            <\/p>\n                            \n                            <div class=\"mission_body_right_socialsharing\">\n                            \n                            \n                            <\/div>\n                        \n                        <\/div>\n                \n\t\t\t\t\t<\/div>\n\t\t\t\t\t\n\t\t\t\t<\/div>\n\n\t\t<\/div>\n\t\t<\/div>\n\n\t<\/section>\n\n<style>\n\n.missionrightpicto { min-height: 50px; }\n\n<\/style>\n\n<script type=\"text\/javascript\">\n\n\tjQuery(document).ready(function() {\n\n\t\tjQuery('.collapse.show').each(function(){\n\t\t\tjQuery(this).prev('.card-header').find('.fas').addClass('fa-angle-down').removeClass('fa-plus');\n\t\t});\n\t\t\n\t\tjQuery('.collapse').on('show.bs.collapse', function(){\n\t\t\tjQuery(this).prev('.card-header').find('.fas').removeClass('fa-angle-down').addClass('fa-angle-up');\n\t\t}).on('hide.bs.collapse', function(){\n\t\t\tjQuery(this).prev('.card-header').find('.fas').removeClass('fa-angle-up').addClass('fa-angle-down');\n\t\t});\n\t\t\n\t\t\n\t\t\n\t\n\t});\n\n\n<\/script>\n\n  <\/div>\n\n <\/div>\n<\/div>\n","protected":false},"featured_media":35246,"template":"","class_list":["post-19490","mission","type-mission","status-publish","has-post-thumbnail","hentry"],"acf":[],"yoast_head":"<!-- This site is optimized with the Yoast SEO plugin v27.5 - https:\/\/yoast.com\/product\/yoast-seo-wordpress\/ -->\n<title>Inventaire et suivi de mammif\u00e8res dans la for\u00eat class\u00e9e de La Lama. - Plan\u00e8te Urgence<\/title>\n<meta name=\"robots\" content=\"index, follow, max-snippet:-1, max-image-preview:large, max-video-preview:-1\" \/>\n<link rel=\"canonical\" href=\"https:\/\/planete-urgence.org\/id\/mission\/biomonitoring-mammiferes-foret-de-la-lama-sud-benin\/\" \/>\n<meta property=\"og:locale\" content=\"id_ID\" \/>\n<meta property=\"og:type\" content=\"article\" \/>\n<meta property=\"og:title\" content=\"Inventaire et suivi de mammif\u00e8res dans la for\u00eat class\u00e9e de La Lama. - Plan\u00e8te Urgence\" \/>\n<meta property=\"og:url\" content=\"https:\/\/planete-urgence.org\/id\/mission\/biomonitoring-mammiferes-foret-de-la-lama-sud-benin\/\" \/>\n<meta property=\"og:site_name\" content=\"Plan\u00e8te Urgence\" \/>\n<meta property=\"article:publisher\" content=\"https:\/\/www.facebook.com\/planete.urgence\/\" \/>\n<meta property=\"article:modified_time\" content=\"2026-04-30T09:54:58+00:00\" \/>\n<meta property=\"og:image\" content=\"https:\/\/planete-urgence.org\/wp-content\/uploads\/2022\/09\/Inventaire-de-mammiferes-dans-la-foret-classee-de-La-Lama-BE4KC1.jpg\" \/>\n\t<meta property=\"og:image:width\" content=\"1080\" \/>\n\t<meta property=\"og:image:height\" content=\"600\" \/>\n\t<meta property=\"og:image:type\" content=\"image\/jpeg\" \/>\n<meta name=\"twitter:card\" content=\"summary_large_image\" \/>\n<meta name=\"twitter:site\" content=\"@PlaneteUrgence\" \/>\n<meta name=\"twitter:label1\" content=\"Estimasi waktu membaca\" \/>\n\t<meta name=\"twitter:data1\" content=\"7 menit\" \/>\n<script type=\"application\/ld+json\" class=\"yoast-schema-graph\">{\"@context\":\"https:\\\/\\\/schema.org\",\"@graph\":[{\"@type\":\"WebPage\",\"@id\":\"https:\\\/\\\/planete-urgence.org\\\/id\\\/mission\\\/biomonitoring-mammiferes-foret-de-la-lama-sud-benin\\\/\",\"url\":\"https:\\\/\\\/planete-urgence.org\\\/id\\\/mission\\\/biomonitoring-mammiferes-foret-de-la-lama-sud-benin\\\/\",\"name\":\"Inventaire et suivi de mammif\u00e8res dans la for\u00eat class\u00e9e de La Lama. - Plan\u00e8te Urgence\",\"isPartOf\":{\"@id\":\"https:\\\/\\\/planete-urgence.org\\\/id\\\/#website\"},\"primaryImageOfPage\":{\"@id\":\"https:\\\/\\\/planete-urgence.org\\\/id\\\/mission\\\/biomonitoring-mammiferes-foret-de-la-lama-sud-benin\\\/#primaryimage\"},\"image\":{\"@id\":\"https:\\\/\\\/planete-urgence.org\\\/id\\\/mission\\\/biomonitoring-mammiferes-foret-de-la-lama-sud-benin\\\/#primaryimage\"},\"thumbnailUrl\":\"https:\\\/\\\/planete-urgence.org\\\/wp-content\\\/uploads\\\/2022\\\/09\\\/Inventaire-de-mammiferes-dans-la-foret-classee-de-La-Lama-BE4KC1.jpg\",\"datePublished\":\"2022-09-23T20:39:57+00:00\",\"dateModified\":\"2026-04-30T09:54:58+00:00\",\"breadcrumb\":{\"@id\":\"https:\\\/\\\/planete-urgence.org\\\/id\\\/mission\\\/biomonitoring-mammiferes-foret-de-la-lama-sud-benin\\\/#breadcrumb\"},\"inLanguage\":\"id\",\"potentialAction\":[{\"@type\":\"ReadAction\",\"target\":[\"https:\\\/\\\/planete-urgence.org\\\/id\\\/mission\\\/biomonitoring-mammiferes-foret-de-la-lama-sud-benin\\\/\"]}]},{\"@type\":\"ImageObject\",\"inLanguage\":\"id\",\"@id\":\"https:\\\/\\\/planete-urgence.org\\\/id\\\/mission\\\/biomonitoring-mammiferes-foret-de-la-lama-sud-benin\\\/#primaryimage\",\"url\":\"https:\\\/\\\/planete-urgence.org\\\/wp-content\\\/uploads\\\/2022\\\/09\\\/Inventaire-de-mammiferes-dans-la-foret-classee-de-La-Lama-BE4KC1.jpg\",\"contentUrl\":\"https:\\\/\\\/planete-urgence.org\\\/wp-content\\\/uploads\\\/2022\\\/09\\\/Inventaire-de-mammiferes-dans-la-foret-classee-de-La-Lama-BE4KC1.jpg\",\"width\":1080,\"height\":600},{\"@type\":\"BreadcrumbList\",\"@id\":\"https:\\\/\\\/planete-urgence.org\\\/id\\\/mission\\\/biomonitoring-mammiferes-foret-de-la-lama-sud-benin\\\/#breadcrumb\",\"itemListElement\":[{\"@type\":\"ListItem\",\"position\":1,\"name\":\"Accueil\",\"item\":\"https:\\\/\\\/planete-urgence.org\\\/id\\\/\"},{\"@type\":\"ListItem\",\"position\":2,\"name\":\"Missions\",\"item\":\"https:\\\/\\\/planete-urgence.org\\\/id\\\/mission\\\/\"},{\"@type\":\"ListItem\",\"position\":3,\"name\":\"Inventaire et suivi de mammif\u00e8res dans la for\u00eat class\u00e9e de La Lama.\"}]},{\"@type\":\"WebSite\",\"@id\":\"https:\\\/\\\/planete-urgence.org\\\/id\\\/#website\",\"url\":\"https:\\\/\\\/planete-urgence.org\\\/id\\\/\",\"name\":\"Plan\u00e8te Urgence\",\"description\":\"Volontariat &amp; d\u00e9veloppement\",\"publisher\":{\"@id\":\"https:\\\/\\\/planete-urgence.org\\\/id\\\/#organization\"},\"potentialAction\":[{\"@type\":\"SearchAction\",\"target\":{\"@type\":\"EntryPoint\",\"urlTemplate\":\"https:\\\/\\\/planete-urgence.org\\\/id\\\/?s={search_term_string}\"},\"query-input\":{\"@type\":\"PropertyValueSpecification\",\"valueRequired\":true,\"valueName\":\"search_term_string\"}}],\"inLanguage\":\"id\"},{\"@type\":\"Organization\",\"@id\":\"https:\\\/\\\/planete-urgence.org\\\/id\\\/#organization\",\"name\":\"Plan\u00e8te Urgence\",\"url\":\"https:\\\/\\\/planete-urgence.org\\\/id\\\/\",\"logo\":{\"@type\":\"ImageObject\",\"inLanguage\":\"id\",\"@id\":\"https:\\\/\\\/planete-urgence.org\\\/id\\\/#\\\/schema\\\/logo\\\/image\\\/\",\"url\":\"https:\\\/\\\/planete-urgence.org\\\/wp-content\\\/uploads\\\/2021\\\/03\\\/logo-pu.png\",\"contentUrl\":\"https:\\\/\\\/planete-urgence.org\\\/wp-content\\\/uploads\\\/2021\\\/03\\\/logo-pu.png\",\"width\":187,\"height\":120,\"caption\":\"Plan\u00e8te Urgence\"},\"image\":{\"@id\":\"https:\\\/\\\/planete-urgence.org\\\/id\\\/#\\\/schema\\\/logo\\\/image\\\/\"},\"sameAs\":[\"https:\\\/\\\/www.facebook.com\\\/planete.urgence\\\/\",\"https:\\\/\\\/x.com\\\/PlaneteUrgence\"]}]}<\/script>\n<!-- \/ Yoast SEO plugin. -->","yoast_head_json":{"title":"Inventaire et suivi de mammif\u00e8res dans la for\u00eat class\u00e9e de La Lama. - Plan\u00e8te Urgence","robots":{"index":"index","follow":"follow","max-snippet":"max-snippet:-1","max-image-preview":"max-image-preview:large","max-video-preview":"max-video-preview:-1"},"canonical":"https:\/\/planete-urgence.org\/id\/mission\/biomonitoring-mammiferes-foret-de-la-lama-sud-benin\/","og_locale":"id_ID","og_type":"article","og_title":"Inventaire et suivi de mammif\u00e8res dans la for\u00eat class\u00e9e de La Lama. - Plan\u00e8te Urgence","og_url":"https:\/\/planete-urgence.org\/id\/mission\/biomonitoring-mammiferes-foret-de-la-lama-sud-benin\/","og_site_name":"Plan\u00e8te Urgence","article_publisher":"https:\/\/www.facebook.com\/planete.urgence\/","article_modified_time":"2026-04-30T09:54:58+00:00","og_image":[{"width":1080,"height":600,"url":"https:\/\/planete-urgence.org\/wp-content\/uploads\/2022\/09\/Inventaire-de-mammiferes-dans-la-foret-classee-de-La-Lama-BE4KC1.jpg","type":"image\/jpeg"}],"twitter_card":"summary_large_image","twitter_site":"@PlaneteUrgence","twitter_misc":{"Estimasi waktu membaca":"7 menit"},"schema":{"@context":"https:\/\/schema.org","@graph":[{"@type":"WebPage","@id":"https:\/\/planete-urgence.org\/id\/mission\/biomonitoring-mammiferes-foret-de-la-lama-sud-benin\/","url":"https:\/\/planete-urgence.org\/id\/mission\/biomonitoring-mammiferes-foret-de-la-lama-sud-benin\/","name":"Inventaire et suivi de mammif\u00e8res dans la for\u00eat class\u00e9e de La Lama. - Plan\u00e8te Urgence","isPartOf":{"@id":"https:\/\/planete-urgence.org\/id\/#website"},"primaryImageOfPage":{"@id":"https:\/\/planete-urgence.org\/id\/mission\/biomonitoring-mammiferes-foret-de-la-lama-sud-benin\/#primaryimage"},"image":{"@id":"https:\/\/planete-urgence.org\/id\/mission\/biomonitoring-mammiferes-foret-de-la-lama-sud-benin\/#primaryimage"},"thumbnailUrl":"https:\/\/planete-urgence.org\/wp-content\/uploads\/2022\/09\/Inventaire-de-mammiferes-dans-la-foret-classee-de-La-Lama-BE4KC1.jpg","datePublished":"2022-09-23T20:39:57+00:00","dateModified":"2026-04-30T09:54:58+00:00","breadcrumb":{"@id":"https:\/\/planete-urgence.org\/id\/mission\/biomonitoring-mammiferes-foret-de-la-lama-sud-benin\/#breadcrumb"},"inLanguage":"id","potentialAction":[{"@type":"ReadAction","target":["https:\/\/planete-urgence.org\/id\/mission\/biomonitoring-mammiferes-foret-de-la-lama-sud-benin\/"]}]},{"@type":"ImageObject","inLanguage":"id","@id":"https:\/\/planete-urgence.org\/id\/mission\/biomonitoring-mammiferes-foret-de-la-lama-sud-benin\/#primaryimage","url":"https:\/\/planete-urgence.org\/wp-content\/uploads\/2022\/09\/Inventaire-de-mammiferes-dans-la-foret-classee-de-La-Lama-BE4KC1.jpg","contentUrl":"https:\/\/planete-urgence.org\/wp-content\/uploads\/2022\/09\/Inventaire-de-mammiferes-dans-la-foret-classee-de-La-Lama-BE4KC1.jpg","width":1080,"height":600},{"@type":"BreadcrumbList","@id":"https:\/\/planete-urgence.org\/id\/mission\/biomonitoring-mammiferes-foret-de-la-lama-sud-benin\/#breadcrumb","itemListElement":[{"@type":"ListItem","position":1,"name":"Accueil","item":"https:\/\/planete-urgence.org\/id\/"},{"@type":"ListItem","position":2,"name":"Missions","item":"https:\/\/planete-urgence.org\/id\/mission\/"},{"@type":"ListItem","position":3,"name":"Inventaire et suivi de mammif\u00e8res dans la for\u00eat class\u00e9e de La Lama."}]},{"@type":"WebSite","@id":"https:\/\/planete-urgence.org\/id\/#website","url":"https:\/\/planete-urgence.org\/id\/","name":"Plan\u00e8te Urgence","description":"Volontariat &amp; d\u00e9veloppement","publisher":{"@id":"https:\/\/planete-urgence.org\/id\/#organization"},"potentialAction":[{"@type":"SearchAction","target":{"@type":"EntryPoint","urlTemplate":"https:\/\/planete-urgence.org\/id\/?s={search_term_string}"},"query-input":{"@type":"PropertyValueSpecification","valueRequired":true,"valueName":"search_term_string"}}],"inLanguage":"id"},{"@type":"Organization","@id":"https:\/\/planete-urgence.org\/id\/#organization","name":"Plan\u00e8te Urgence","url":"https:\/\/planete-urgence.org\/id\/","logo":{"@type":"ImageObject","inLanguage":"id","@id":"https:\/\/planete-urgence.org\/id\/#\/schema\/logo\/image\/","url":"https:\/\/planete-urgence.org\/wp-content\/uploads\/2021\/03\/logo-pu.png","contentUrl":"https:\/\/planete-urgence.org\/wp-content\/uploads\/2021\/03\/logo-pu.png","width":187,"height":120,"caption":"Plan\u00e8te Urgence"},"image":{"@id":"https:\/\/planete-urgence.org\/id\/#\/schema\/logo\/image\/"},"sameAs":["https:\/\/www.facebook.com\/planete.urgence\/","https:\/\/x.com\/PlaneteUrgence"]}]}},"_links":{"self":[{"href":"https:\/\/planete-urgence.org\/id\/wp-json\/wp\/v2\/mission\/19490","targetHints":{"allow":["GET"]}}],"collection":[{"href":"https:\/\/planete-urgence.org\/id\/wp-json\/wp\/v2\/mission"}],"about":[{"href":"https:\/\/planete-urgence.org\/id\/wp-json\/wp\/v2\/types\/mission"}],"wp:featuredmedia":[{"embeddable":true,"href":"https:\/\/planete-urgence.org\/id\/wp-json\/wp\/v2\/media\/35246"}],"wp:attachment":[{"href":"https:\/\/planete-urgence.org\/id\/wp-json\/wp\/v2\/media?parent=19490"}],"curies":[{"name":"wp","href":"https:\/\/api.w.org\/{rel}","templated":true}]}}