{"id":46592,"date":"2025-08-20T01:05:07","date_gmt":"2025-08-19T23:05:07","guid":{"rendered":"https:\/\/planete-urgence.org\/mission\/formation-a-la-maitrise-du-cycle-de-vie-dun-projet\/"},"modified":"2026-04-30T11:55:00","modified_gmt":"2026-04-30T09:55:00","slug":"formation-a-la-maitrise-du-cycle-de-vie-dun-projet","status":"publish","type":"mission","link":"https:\/\/planete-urgence.org\/es\/mission\/formation-a-la-maitrise-du-cycle-de-vie-dun-projet\/","title":{"rendered":"Formation \u00e0 la ma\u00eetrise du cycle de vie d&#8217;un projet-RACINE"},"content":{"rendered":"<div id=\"field_62b4befa13dbd\" class=\"container-fluid px-0 flexible_section block_innertemplate\">\n <div id=\"field_62b4befa13dbd_inner\" class=\"container flexible_section_inner\">\n\n   <div class=\"row flexible_section_content\">\n\n\n\n\t<section id=\"primary\" class=\"container content-area mainsinglemission\">\n\t\t<div id=\"main\" class=\"site-main\" role=\"main\">\n\n\t\t\t<div id=\"singlemission\">\n\n\t\t\t\t<div class=\"row mission_header bg-white pt-3\"><div id=\"mission_header_image\" class=\"col-12\">\t\n\t\t\t\t\t\t<img decoding=\"async\" src=\"https:\/\/planete-urgence.org\/wp-content\/uploads\/2025\/08\/Photo-missions-site-CM3SC3-.jpg\" alt=\"Formation \u00e0 la ma\u00eetrise du cycle de vie d&#8217;un projet-RACINE\" class=\"thumbmission\" \/>\n\t\t\t\t\t\t<\/div><div id=\"more_mission\" class=\"col-12 text-right w-100 pt-3 pr-3\"><a href=\"https:\/\/planete-urgence.org\/es\/misiones-de-voluntariado\/\">Nos missions<\/a><\/div>\n            \t\n\t\t\t\t\t<div id=\"mission_header_title\" class=\"col-12 px-3 pb-3\">\t\n            \n\t\t\t\t\t\t<h1>Formation \u00e0 la ma\u00eetrise du cycle de vie d&#8217;un projet-RACINE<\/h1>\n                \n\t\t\t\t\t<\/div>\n\n\t\t\t\t<\/div>\t\n            \n\t\t\t\t<div class=\"row mission_body my-5 pb-5\">\n\n\t\t\t\t\t<div class=\"col-12 col-sm-8 projetenvironnement_body_left order-2 order-sm-1\"><div class=\"mission_body_content_part single_content_part mt-3\">\n\t\t\t\t\t\t\t\t<div>La mission a pour but de former les membres d\u2019ECODEV \u00e0 la ma\u00eetrise du cycle d\u2019un projet ceci pour permettre au personnel d\u2019ECODEV d\u2019\u00eatre en capacit\u00e9 d\u2019\u00e9laborer un plan op\u00e9rationnel d\u00e9taill\u00e9 pour un projet. Cette mission intervient dans le cadre du projet\u00bb Renforcer les Acteurs Communautaires Investis pour la Nature et l\u2019Environnement\u00bb (RACINE) mis en \u0153uvre par Plan\u00e8te Urgence et dont ECODEV est partie prenante.<\/div>\n\t\t\t\t\t\t\t<\/div>\n\n\t\t\t\t\t\t\t<div class=\"accordion mt-3 mb-3\" id=\"accordionMission\">\n\n\t\t\t\t\t\t\t\t<div class=\"card\">\n\t\t\t\t\t\t\t\t\t<div class=\"card-header\" id=\"MissionDescription\">\n\t\t\t\t\t\t\t\t\t\t<h3 class=\"mb-0\" data-toggle=\"collapse\" data-target=\"#collapseDescription\" aria-expanded=\"true\" aria-controls=\"collapseOne\">\n\t\t\t\t\t\t\t\t\t\t\t<span class=\"pull-left pr-3\"><i class=\"fas fa-angle-down\"><\/i><\/span> Description\n\t\t\t\t\t\t\t\t\t\t<\/h3>\n\t\t\t\t\t\t\t\t\t<\/div>\n\t\t\t\t\t\t\t\t\t<div id=\"collapseDescription\" class=\"collapse\" aria-labelledby=\"MissionDescription\" data-parent=\"#accordionMission\">\n\t\t\t\t\t\t\t\t\t\t<div class=\"card-body\"><div class=\"mission_body_content_part single_content_part mt-3\">\n\t\t\t\t\t\t\t\t\t\t\t\t<h3>Objectifs<\/h3>\n\t\t\t\t\t\t\t\t\t\t\t\t<div>La mission a pour objectif de renforcer les capacit\u00e9s des membres de d\u2019ECODEV en montage de projets, en gestion  des diff\u00e9rentes \u00e9tapes et des risques li\u00e9s \u00e0 la mise en \u0153uvre. <br \/>\nPlus sp\u00e9cifiquement, il s\u2019agira de former le personnel \u00e0 :<br \/>\n&#8211;\t\u00c9laborer des arbres \u00e0 probl\u00e8mes ;<br \/>\n&#8211;\t\u00c9laborer des arbres \u00e0 objectifs ;<br \/>\n&#8211;\tMonter le cadre logique coh\u00e9rent ;<br \/>\n&#8211;\tIdentifier les b\u00e9n\u00e9ficiaires et les autres parties prenantes ;<br \/>\n&#8211;\tFormuler le contexte du projet, la strat\u00e9gie d\u2019implication des parties prenantes et celle de sortie et de durabilit\u00e9\/ et la mise \u00e0 l\u2019\u00e9chelle du projet.<br \/>\n\t<br \/>\nECODEV bien que fonctionnel depuis 2018 rencontre des difficult\u00e9s dans l\u2019\u00e9laboration de projets \u00ab bancables \u00bb, suivant notamment la th\u00e9orie du changement. La quasi-totalit\u00e9 de son personnel est inexp\u00e9riment\u00e9 en montage et en gestion des projets. En effet, les notions relatives aux projets ont \u00e9t\u00e9 acquises de mani\u00e8re autodidacte, ce qui explique son incapacit\u00e9 \u00e0 acc\u00e9der \u00e0 des sources de  financement s\u00e9rieuses tant au niveau national qu\u2019international. <br \/>\nUne formation d\u00e9taill\u00e9e et orient\u00e9e sur l\u2019apprentissage permettra d\u2019acqu\u00e9rir les connaissances et d\u2019am\u00e9liorer les comp\u00e9tences en la mati\u00e8re.<\/div>\n\t\t\t\t\t\t\t\t\t\t\t<\/div><div class=\"mission_body_content_part single_content_part mt-3\">\n\t\t\t\t\t\t\t\t\t\t\t\t<h3>Intervention attendue du volontaire<\/h3>\n\t\t\t\t\t\t\t\t\t\t\t\t<div>Le volontaire devra aborder les aspects cit\u00e9s plus haut, en mettant l\u2019emphase sur les \u00e9l\u00e9ments \u00e0 prendre en compte :<br \/>\n&#8211;\tUn plan op\u00e9rationnel d\u00e9taill\u00e9 pour un projet (avec objectifs SMART, indicateurs objectivement v\u00e9rifiables, \u00e9tapes, acteurs), <br \/>\n&#8211;\tUne strat\u00e9gie de transfert des technologies et de sortie pour les projets<br \/>\n&#8211;\tUne formulation de la th\u00e9orie du changement ; <br \/>\n&#8211;\tUne \u00e9laboration d\u2019un tableau de bord d\u2019identification, de classement et de mitigation des diff\u00e9rents risques li\u00e9es \u00e0 la gestion d\u2019un projet ; <br \/>\n&#8211;\tUne strat\u00e9gie de sortie et durabilit\u00e9 du projet apr\u00e8s sa mise en \u0153uvre. <br \/>\n<br \/>\nL&#8217;andragogie et l&#8217;approche CADRE (Centr\u00e9 sur l&#8217;Apprenant, Dirig\u00e9 vers une R\u00e9flexion Encadr\u00e9e) seront les principales m\u00e9thodes p\u00e9dagogiques \u00e0 privil\u00e9gier pendant toute la formation. Pour cela, il sera pr\u00e9alablement question d\u2019explorer des notions connues, avant d&#8217;aborder celles totalement inconnues des apprenants. Tout cela se fera par la prospective, la d\u00e9couverte et l&#8217;orientation de la compr\u00e9hension des participants.<br \/>\nL\u2019atteinte de ces objectifs pourra \u00e9galement \u00eatre suivie suivant l\u2019atteinte des r\u00e9sultats  par des s\u00e9ances de coaching post formation pour la formalisation d\u2019outils potentiels, suivant un calendrier arr\u00eat\u00e9 de concert avec le volontaire.<\/div>\n\t\t\t\t\t\t\t\t\t\t\t<\/div><div class=\"mission_body_content_part single_content_part mt-3\">\n\t\t\t\t\t\t\t\t\t\t\t\t<h3>Remarque(s)<\/h3>\n\t\t\t\t\t\t\t\t\t\t\t\t<div>La formation aura lieu dans la salle de conf\u00e9rence d\u2019ECODEV. Elle dispose de 08 chaises et 02 tables de conf\u00e9rence ; ainsi que d\u2019un \u00e9cran plasma de 43 pouces \u00e0 connecter \u00e0 l\u2019ordinateur. ECODEV est ouvert de lundi \u00e0 vendredi. Toutefois, cette r\u00e9partition peut \u00eatre revue de commun accord avec le volontaire<\/div>\n\t\t\t\t\t\t\t\t\t\t\t<\/div><div class=\"mission_body_content_part single_content_part mt-3\">\n\t\t\t\t\t\t\t\t\t\t\t\t<h3>Type de b&eacute;n&eacute;ficiaires<\/h3>\n\t\t\t\t\t\t\t\t\t\t\t\t<div>Les b\u00e9n\u00e9ficiaires directs pr\u00e9vus pour la formation sont au nombre de 06 personnes, dont 03 femmes constituant le personnel technique d\u2019ECODEV<br \/>\nQuant aux b\u00e9n\u00e9ficiaires indirects il sont \u00e9valu\u00e9s \u00e0 plus de 400 personnes dont 150 femmes regroup\u00e9es au sein des 10 communaut\u00e9s b\u00e9n\u00e9ficiaires des actions\/interventions d\u2019ECODEV sur le terrain.<\/div>\n\t\t\t\t\t\t\t\t\t\t\t<\/div><div class=\"mission_body_content_part single_content_part mt-3\">\n\t\t\t\t\t\t\t\t\t\t\t\t<h3>Profil des b&eacute;n&eacute;ficiaires<\/h3>\n\t\t\t\t\t\t\t\t\t\t\t\t<div>Le personnel technique d\u2019ECODEV est titulaire d\u2019un niveau minimal de Licence ; \u00e0 savoir : <br \/>\n\uf02d\t02 ing\u00e9nieurs forestiers et agro-forestiers (homme de 47 ans et femme de 24 ans)<br \/>\n\uf02d\t02 Masters recherche en droit public (hommes de 25 et 27 ans) <br \/>\n\uf02d\t01 Master 1 (recherche) en d\u00e9veloppement rural int\u00e9gr\u00e9 et vulgarisation agricole (femme de 30 ans)<br \/>\nQuant au personnel financier, on a :<br \/>\n01 Responsable administrative et financi\u00e8re (RAF), titulaire d\u2019une licence professionnelle en comptabilit\u00e9 et gestion (femme de 25 ans). <br \/>\nTout le personnel \u00e0 l\u2019exception de l\u2019ing\u00e9nieur forestier (homme de 47 ans) est au niveau d\u00e9butant en mati\u00e8re de gestion des projets, car n\u2019ayant jamais \u00e9t\u00e9 form\u00e9 sp\u00e9cifiquement \u00e0 ces outils.<\/div>\n\t\t\t\t\t\t\t\t\t\t\t<\/div>\n\t\t\t\t\t\t\t\t\t\t\t\t\t<div class=\"mission_body_content_part single_content_part mt-3\">\n\t\t\t\t\t\t\t\t\t\t\t\t\t\t<h3>Nombre de volontaires requis<\/h3>\n\t\t\t\t\t\t\t\t\t\t\t\t\t\t<p>2 volontaires<\/p>\n\t\t\t\t\t\t\t\t\t\t\t\t\t<\/div><div class=\"mission_body_content_part single_content_part mt-3\">\n\t\t\t\t\t\t\t\t\t\t\t\t<h3>Motivation attendue<\/h3>\n\t\t\t\t\t\t\t\t\t\t\t\t<p>Etre expert en montage et en gestion des projets et en programmes de gestion des ressources naturelles. Bonne adaptation au climat tropical, et facilit\u00e9 de communication. Avoir particip\u00e9 \u00e0 la mise \u0153uvre d\u2019un projet en milieu rural dans les pays d\u2019Afrique sub-saharienne serait un plus.<\/p>\n\t\t\t\t\t\t\t\t\t\t\t<\/div>\t\t<\/div>\n\t\t\t\t\t\t\t\t\t<\/div>\n\t\t\t\t\t\t\t\t<\/div>\n\n\t\t\t\t\t\t\t\t<div class=\"card\">\n\t\t\t\t\t\t\t\t\t<div class=\"card-header\" id=\"MissionPartenaires\">\n\t\t\t\t\t\t\t\t\t\t<h3 class=\"mb-0\" data-toggle=\"collapse\" data-target=\"#collapsePartenaires\" aria-expanded=\"true\" aria-controls=\"collapseOne\">\n\t\t\t\t\t\t\t\t\t\t\t<span class=\"pull-left pr-3\"><i class=\"fas fa-angle-down\"><\/i><\/span> Le partenaire\n\t\t\t\t\t\t\t\t\t\t<\/h3>\n\t\t\t\t\t\t\t\t\t<\/div>\n\t\t\t\t\t\t\t\t\t<div id=\"collapsePartenaires\" class=\"collapse\" aria-labelledby=\"MissionPartenaires\" data-parent=\"#accordionMission\">\n\t\t\t\t\t\t\t\t\t\t<div class=\"card-body\"><div class=\"mission_body_content_part single_content_part mt-3\">\n\t\t\t\t\t\t\t\t\t\t\t\t<h3>Notre partenaire local<\/h3>\n\t\t\t\t\t\t\t\t\t\t\t\t<p>ECODEV (Ecosyst\u00e8mes et D\u00e9veloppement)<\/p>\n\t\t\t\t\t\t\t\t\t\t\t<\/div><div class=\"mission_body_content_part single_content_part mt-3\">\n\t\t\t\t\t\t\t\t\t\t\t\t<h3>Historique<\/h3>\n\t\t\t\t\t\t\t\t\t\t\t\t<p>ECODEV Est une association de droit camerounais cr\u00e9\u00e9e en 2016 par un groupe de jeunes de qualification pluridisciplinaires. Elle a pour mandat de contribuer \u00e0 la pr\u00e9servation des \u00e9cosyst\u00e8mes forestiers, aquatiques et marins et \u00e0 la conservation de la biodiversit\u00e9 ; \u00e0 travers la promotion d\u2019un d\u00e9veloppement durable, \u00e9quitable de la soci\u00e9t\u00e9 et respectueux de l\u2019environnement.<br \/>\nLes th\u00e9matiques actuelles d\u2019intervention sont :<br \/>\n\uf02d\tLa gouvernance des ressources naturelles <br \/>\n\uf02d\tLa r\u00e9silience aux changements climatiques <br \/>\n\uf02d\tL\u2019agriculture durable <br \/>\n\uf02d\tLa gestion participative et responsable<br \/>\n\uf02d\tLa sant\u00e9 communautaire<br \/>\nLa zone actuelle d\u2019intervention d\u2019ECODEV est la partie Nord de la r\u00e9gion du Centre, notamment les d\u00e9partements du Mbam et Kim et de la Haute Sanaga.  En 2022, les actions d\u2019ECODEV touchent environ 1350 b\u00e9n\u00e9ficiaires directs et indirects r\u00e9partis comme suit : <br \/>\n\uf02d\t365 femme environs<br \/>\n\uf02d\t504 jeunes<br \/>\n\uf02d\t270 peuples autochtones Bedzang <br \/>\n\uf02d\t211 hommes. <br \/>\nAfin de contribuer \u00e0 l\u2019am\u00e9lioration des conditions de vies des populations locales et autochtones \u00e0 l\u2019aide des biens et services issus des \u00e9cosyst\u00e8mes durablement g\u00e9r\u00e9s, l&#8217;association a mis en \u0153uvre plusieurs activit\u00e9s parmi les lesquelles:<br \/>\nDepuis sa cr\u00e9ation, ECODEV a mis en \u0153uvre les Activit\u00e9s\/projets ci-dessous  :<br \/>\n&#8211; Phase 1 et 2 du projet int\u00e9grer le suivi communautaire en temps r\u00e9el pour soutenir les moyens de subsistance et les for\u00eats en Afrique Centrale et de l\u2019Ouest (RTM2). ;<br \/>\n&#8211; Phase 1 et 2 du projet de s\u00e9curisation des droits fonciers et forestiers des peuples autochtones Bedzang de Ngamb\u00e9-Tikar;<br \/>\n&#8211; Projet Voix des Citoyens pour le changement\/Observation Ind\u00e9pendante Externe des for\u00eats (en partenariat avec FODER) ; 13 missions effectu\u00e9es depuis Novembre 2018. Elles consistaient \u00e0 mettre \u00e0 la disposition de l\u2019administration foresti\u00e8re des rapports techniques sur des activit\u00e9s d\u2019exploitation ill\u00e9gales des ressources foresti\u00e8res dans les titres forestiers et dans les for\u00eats du domaine national. <br \/>\nEn 2022 les projets suivant sont mis en oeuvre par ECODEV<br \/>\n\uf02d\tProjet de mobilisation des \u00e9l\u00e8ves, enseignants et autres jeunes non scolaris\u00e9s dans la lutte contre la d\u00e9forestation et les changement climatiques autours des aires prot\u00e9g\u00e9es du Mbam et Kim. <br \/>\n\uf02d\tLe projet communaut\u00e9s, femmes rurales, gouvernance foresti\u00e8re et d\u00e9veloppement communautaire en p\u00e9riph\u00e9rie des aires prot\u00e9g\u00e9es de la faune et des autres titres du domaine forestier permanent du Mbam et Kim. <br \/>\n\uf02d\tLa phase de rallonge du projet int\u00e9grer le suivi communautaire en temps r\u00e9el pour soutenir les moyens de subsistance et les for\u00eats en Afrique Centrale et de l\u2019Ouest (RTM2). <br \/>\n\uf02d\tLa participation \u00e0 la mise en \u0153uvre du projet OTP \u2013 OI \u2013 CAM dont l\u2019objectif global est de promouvoir la transparence dans les op\u00e9rations foresti\u00e8res et la l\u00e9galit\u00e9 foresti\u00e8re sur la base de l\u2019APV FLEGT au Cameroun.<\/p>\n\t\t\t\t\t\t\t\t\t\t\t<\/div>\t\t<\/div>\n\t\t\t\t\t\t\t\t\t<\/div>\n\t\t\t\t\t\t\t\t<\/div> \n\n\t\t\t\t\t\t\t\t<div class=\"card\">\n\t\t\t\t\t\t\t\t\t<div class=\"card-header\" id=\"MissionInformations\">\n\t\t\t\t\t\t\t\t\t\t<h3 class=\"mb-0\" data-toggle=\"collapse\" data-target=\"#collapseInformations\" aria-expanded=\"true\" aria-controls=\"collapseOne\">\n\t\t\t\t\t\t\t\t\t\t\t<span class=\"pull-left pr-3\"><i class=\"fas fa-angle-down\"><\/i><\/span> Informations pratiques\n\t\t\t\t\t\t\t\t\t\t<\/h3>\n\t\t\t\t\t\t\t\t\t<\/div>\n\t\t\t\t\t\t\t\t\t<div id=\"collapseInformations\" class=\"collapse\" aria-labelledby=\"MissionInformations\" data-parent=\"#accordionMission\">\n\t\t\t\t\t\t\t\t\t\t<div class=\"card-body\"><div class=\"mission_body_content_part single_content_part mt-3\">\n\t\t\t\t\t\t\t\t\t\t\t\t<h3>Accueil et transfert<\/h3>\n\t\t\t\t\t\t\t\t\t\t\t\t<div>De l\u2019a\u00e9roport \u00e0 Ntui, il faudra 05 heures de voyages aux heures de pointe (matin et soir) dans un v\u00e9hicule lou\u00e9 \u00e0 cet effet. Dans la localit\u00e9 de mission, le volontaire sera log\u00e9 \u00e0 5 minutes du bureau et pourra se d\u00e9placer \u00e0 pied en toute s\u00e9curit\u00e9 pour le bureau et pour rentrer dans son lieu de logement. Si  l&#8217;arriv\u00e9e du vol est pr\u00e9vue en soir\u00e9e, le\/la volontaire passera la nuit dans un h\u00f4tel \u00e0 Yaound\u00e9 et prendra la route le lendemain matin pour Ntui.<\/div>\n\t\t\t\t\t\t\t\t\t\t\t<\/div><div class=\"mission_body_content_part single_content_part mt-3\">\n\t\t\t\t\t\t\t\t\t\t\t\t<h3>A\u00e9roport d&#8217;arriv\u00e9e<\/h3>\n\t\t\t\t\t\t\t\t\t\t\t\t<div>A\u00e9roport de Yaound\u00e9 Nsimalen<\/div>\n\t\t\t\t\t\t\t\t\t\t\t<\/div><div class=\"mission_body_content_part single_content_part mt-3\">\n\t\t\t\t\t\t\t\t\t\t\t\t<h3>H\u00e9bergement<\/h3>\n\t\t\t\t\t\t\t\t\t\t\t\t<div>Le lieu de logement du volontaire sera l\u2019h\u00f4tel MEGA PALACE qui b\u00e9n\u00e9ficie des conditions d\u00e9centes d\u2019h\u00e9bergement en termes d\u2019accessibilit\u00e9, de proximit\u00e9 par rapport au bureau d\u2019ECODEV et de confort minimal et de s\u00e9curit\u00e9 aussi bien de jour que de nuit. L\u2019h\u00f4tel MEGA PALACE dispose de chambres climatis\u00e9es ou ventil\u00e9es, avec des toilettes internes. L\u2019eau y est courante, du fait d\u2019un forage et d\u2019un ch\u00e2teau am\u00e9nag\u00e9s \u00e0 cet effet. <br \/>\nPour la lumi\u00e8re, l\u2019\u00e9lectricit\u00e9 est publique et lors des d\u00e9lestages, l\u2019h\u00f4tel dispose d\u2019un groupe \u00e9lectrog\u00e8ne de relai.<\/div>\n\t\t\t\t\t\t\t\t\t\t\t<\/div><div class=\"mission_body_content_part single_content_part mt-3\">\n\t\t\t\t\t\t\t\t\t\t\t\t<h3>Mat\u00e9riel disponible sur place<\/h3>\n\t\t\t\t\t\t\t\t\t\t\t\t<div>03 ordinateurs portables dont 02 avec la version originale de MS Office 2016.<\/div>\n\t\t\t\t\t\t\t\t\t\t\t<\/div>\t\t<\/div>\n\t\t\t\t\t\t\t\t\t<\/div>\n\t\t\t\t\t\t\t\t<\/div> \n\n\t\t\t\t\t\t<\/div>\n\t\t\t\t\t\t                \n\t\t\t\t\t\t<p class=\"postuler red-button d-sm-none\">\n\t\t\t\t\t\t\t\t\t<a href=\"https:\/\/planete-urgence.org\/postuler\/?refmission=CM3SC3\" class=\"d-sm-none w-100\">Je postule<\/a>\n\t\t\t\t\t\t<\/p>\n                \n\t\t\t\t\t<\/div>\n\n\t\t\t\t\t<div class=\"col-12 col-sm-4 mission_body_right order-1 order-sm-2 px-0 px-sm-3\">\n\n\t\t\t\t\t\t<div class=\"mission_body_right_inner\">\n                        \n                        \t<p class=\"postuler red-button mn-3\">\n                            \t<a href=\"https:\/\/planete-urgence.org\/postuler\/?refmission=CM3SC3\" class=\"w-100\">Je postule<\/a>\n                            <\/p>\n                            \n                            <div class=\"mission_body_right_inner_first\">\n                            \n                                <p class=\"mb-2\" style=\"padding-left: 55px;\"><span>Code mission : <\/span>CM3SC3<\/p>\n                                <p class=\"mb-2 missionrightpicto\"><img decoding=\"async\" src=\"https:\/\/planete-urgence.org\/wp-content\/uploads\/2023\/06\/picto_partenaire.png\" class=\"alignleft mb-3\" \/><span>Partenaire :<\/span><br \/>ECODEV (Ecosyst\u00e8mes et D\u00e9veloppement)<\/p>\n                                <p class=\"mb-2 missionrightpicto\"><img decoding=\"async\" src=\"https:\/\/planete-urgence.org\/wp-content\/uploads\/2023\/06\/picto_localisation.png\" class=\"alignleft mb-3\" \/><span>Localisation :<\/span><br \/>Cameroun, Afrique de l&#8217;Ouest, Ntui<\/p>\n\t\t\t\t\t\t\t\t<div class=\"mb-2 missionrightpicto\"><img decoding=\"async\" src=\"https:\/\/planete-urgence.org\/wp-content\/uploads\/2023\/06\/picto_langues.png\" class=\"alignleft mb-3\" \/><span>Langues :<\/span><p class=\"mb-1\"><b class=\"lang\">Francais<\/b><\/p><\/div>\n                                <p class=\"mb-2 missionrightpicto\"><img decoding=\"async\" src=\"https:\/\/planete-urgence.org\/wp-content\/uploads\/2023\/06\/picto_intervention.png\" class=\"alignleft mb-3\" \/><span>Type d&#8217;intervention :<\/span><br \/>Formation pour adultes<\/p><p class=\"mb-2 missionrightpicto\"><img decoding=\"async\" src=\"https:\/\/planete-urgence.org\/wp-content\/uploads\/2023\/06\/picto_competences.png\" class=\"alignleft mb-3\" \/><span>Comp\u00e9tences :<\/span><br \/>Coordination de projet<\/p><p class=\"mb-2 missionrightpicto\"><img decoding=\"async\" src=\"https:\/\/planete-urgence.org\/wp-content\/uploads\/2023\/06\/picto_dispositifs.png\" class=\"alignleft mb-3\" \/><span>Dispositif(s) possible(s) :<\/span><br \/>\n\t\t\t\t\t\t\t\t\t\t<a href=\"https:\/\/planete-urgence.org\/nos-dispositifs-de-volontariat\/le-conge-solidaire\/\">Cong\u00e9 Solidaire<\/a>, <a href=\"https:\/\/planete-urgence.org\/nos-dispositifs-de-volontariat\/mission-solidaire\/\">Mission Solidaire<\/a>\n\t\t\t\t\t\t\t\t\t<\/p><p class=\"mb-2 missionrightpicto\"><img decoding=\"async\" src=\"https:\/\/planete-urgence.org\/wp-content\/uploads\/2023\/06\/picto_duree.png\" class=\"alignleft mb-3\" \/><span>Dur\u00e9e :<\/span><br \/>2 semaines<\/p><p class=\"mb-2 missionrightpicto\"><img decoding=\"async\" src=\"https:\/\/planete-urgence.org\/wp-content\/uploads\/2023\/06\/picto_dates.png\" class=\"alignleft mb-3\" \/><span>Mission disponible toute l&#8217;ann\u00e9e<\/span><\/p><\/div>\n\t\t\t\t\t\t\t<p class=\"postuler red-button mt-3\">\n                            \t<a href=\"https:\/\/planete-urgence.org\/es\/misiones-de-voluntariado\/\">Nos missions<\/a>\n                            <\/p>\n                            \n                            <div class=\"mission_body_right_socialsharing\">\n                            \n                            \n                            <\/div>\n                        \n                        <\/div>\n                \n\t\t\t\t\t<\/div>\n\t\t\t\t\t\n\t\t\t\t<\/div>\n\n\t\t<\/div>\n\t\t<\/div>\n\n\t<\/section>\n\n<style>\n\n.missionrightpicto { min-height: 50px; }\n\n<\/style>\n\n<script type=\"text\/javascript\">\n\n\tjQuery(document).ready(function() {\n\n\t\tjQuery('.collapse.show').each(function(){\n\t\t\tjQuery(this).prev('.card-header').find('.fas').addClass('fa-angle-down').removeClass('fa-plus');\n\t\t});\n\t\t\n\t\tjQuery('.collapse').on('show.bs.collapse', function(){\n\t\t\tjQuery(this).prev('.card-header').find('.fas').removeClass('fa-angle-down').addClass('fa-angle-up');\n\t\t}).on('hide.bs.collapse', function(){\n\t\t\tjQuery(this).prev('.card-header').find('.fas').removeClass('fa-angle-up').addClass('fa-angle-down');\n\t\t});\n\t\t\n\t\t\n\t\t\n\t\n\t});\n\n\n<\/script>\n\n  <\/div>\n\n <\/div>\n<\/div>\n","protected":false},"featured_media":46610,"template":"","class_list":["post-46592","mission","type-mission","status-publish","has-post-thumbnail","hentry"],"acf":[],"yoast_head":"<!-- This site is optimized with the Yoast SEO plugin v27.5 - https:\/\/yoast.com\/product\/yoast-seo-wordpress\/ -->\n<title>Formation \u00e0 la ma\u00eetrise du cycle de vie d&#039;un projet-RACINE - Plan\u00e8te Urgence<\/title>\n<meta name=\"robots\" content=\"index, follow, max-snippet:-1, max-image-preview:large, max-video-preview:-1\" \/>\n<link rel=\"canonical\" href=\"https:\/\/planete-urgence.org\/es\/mission\/formation-a-la-maitrise-du-cycle-de-vie-dun-projet\/\" \/>\n<meta property=\"og:locale\" content=\"es_ES\" \/>\n<meta property=\"og:type\" content=\"article\" \/>\n<meta property=\"og:title\" content=\"Formation \u00e0 la ma\u00eetrise du cycle de vie d&#039;un projet-RACINE - Plan\u00e8te Urgence\" \/>\n<meta property=\"og:url\" content=\"https:\/\/planete-urgence.org\/es\/mission\/formation-a-la-maitrise-du-cycle-de-vie-dun-projet\/\" \/>\n<meta property=\"og:site_name\" content=\"Plan\u00e8te Urgence\" \/>\n<meta property=\"article:publisher\" content=\"https:\/\/www.facebook.com\/planete.urgence\/\" \/>\n<meta property=\"article:modified_time\" content=\"2026-04-30T09:55:00+00:00\" \/>\n<meta property=\"og:image\" content=\"https:\/\/planete-urgence.org\/wp-content\/uploads\/2025\/08\/Photo-missions-site-CM3SC3-.jpg\" \/>\n\t<meta property=\"og:image:width\" content=\"1080\" \/>\n\t<meta property=\"og:image:height\" content=\"600\" \/>\n\t<meta property=\"og:image:type\" content=\"image\/jpeg\" \/>\n<meta name=\"twitter:card\" content=\"summary_large_image\" \/>\n<meta name=\"twitter:site\" content=\"@PlaneteUrgence\" \/>\n<meta name=\"twitter:label1\" content=\"Tiempo de lectura\" \/>\n\t<meta name=\"twitter:data1\" content=\"10 minutos\" \/>\n<script type=\"application\/ld+json\" class=\"yoast-schema-graph\">{\"@context\":\"https:\\\/\\\/schema.org\",\"@graph\":[{\"@type\":\"WebPage\",\"@id\":\"https:\\\/\\\/planete-urgence.org\\\/es\\\/mission\\\/formation-a-la-maitrise-du-cycle-de-vie-dun-projet\\\/\",\"url\":\"https:\\\/\\\/planete-urgence.org\\\/es\\\/mission\\\/formation-a-la-maitrise-du-cycle-de-vie-dun-projet\\\/\",\"name\":\"Formation \u00e0 la ma\u00eetrise du cycle de vie d'un projet-RACINE - Plan\u00e8te Urgence\",\"isPartOf\":{\"@id\":\"https:\\\/\\\/planete-urgence.org\\\/es\\\/#website\"},\"primaryImageOfPage\":{\"@id\":\"https:\\\/\\\/planete-urgence.org\\\/es\\\/mission\\\/formation-a-la-maitrise-du-cycle-de-vie-dun-projet\\\/#primaryimage\"},\"image\":{\"@id\":\"https:\\\/\\\/planete-urgence.org\\\/es\\\/mission\\\/formation-a-la-maitrise-du-cycle-de-vie-dun-projet\\\/#primaryimage\"},\"thumbnailUrl\":\"https:\\\/\\\/planete-urgence.org\\\/wp-content\\\/uploads\\\/2025\\\/08\\\/Photo-missions-site-CM3SC3-.jpg\",\"datePublished\":\"2025-08-19T23:05:07+00:00\",\"dateModified\":\"2026-04-30T09:55:00+00:00\",\"breadcrumb\":{\"@id\":\"https:\\\/\\\/planete-urgence.org\\\/es\\\/mission\\\/formation-a-la-maitrise-du-cycle-de-vie-dun-projet\\\/#breadcrumb\"},\"inLanguage\":\"es\",\"potentialAction\":[{\"@type\":\"ReadAction\",\"target\":[\"https:\\\/\\\/planete-urgence.org\\\/es\\\/mission\\\/formation-a-la-maitrise-du-cycle-de-vie-dun-projet\\\/\"]}]},{\"@type\":\"ImageObject\",\"inLanguage\":\"es\",\"@id\":\"https:\\\/\\\/planete-urgence.org\\\/es\\\/mission\\\/formation-a-la-maitrise-du-cycle-de-vie-dun-projet\\\/#primaryimage\",\"url\":\"https:\\\/\\\/planete-urgence.org\\\/wp-content\\\/uploads\\\/2025\\\/08\\\/Photo-missions-site-CM3SC3-.jpg\",\"contentUrl\":\"https:\\\/\\\/planete-urgence.org\\\/wp-content\\\/uploads\\\/2025\\\/08\\\/Photo-missions-site-CM3SC3-.jpg\",\"width\":1080,\"height\":600},{\"@type\":\"BreadcrumbList\",\"@id\":\"https:\\\/\\\/planete-urgence.org\\\/es\\\/mission\\\/formation-a-la-maitrise-du-cycle-de-vie-dun-projet\\\/#breadcrumb\",\"itemListElement\":[{\"@type\":\"ListItem\",\"position\":1,\"name\":\"Accueil\",\"item\":\"https:\\\/\\\/planete-urgence.org\\\/es\\\/\"},{\"@type\":\"ListItem\",\"position\":2,\"name\":\"Missions\",\"item\":\"https:\\\/\\\/planete-urgence.org\\\/es\\\/mission\\\/\"},{\"@type\":\"ListItem\",\"position\":3,\"name\":\"Formation \u00e0 la ma\u00eetrise du cycle de vie d&rsquo;un projet-RACINE\"}]},{\"@type\":\"WebSite\",\"@id\":\"https:\\\/\\\/planete-urgence.org\\\/es\\\/#website\",\"url\":\"https:\\\/\\\/planete-urgence.org\\\/es\\\/\",\"name\":\"Plan\u00e8te Urgence\",\"description\":\"Volontariat &amp; d\u00e9veloppement\",\"publisher\":{\"@id\":\"https:\\\/\\\/planete-urgence.org\\\/es\\\/#organization\"},\"potentialAction\":[{\"@type\":\"SearchAction\",\"target\":{\"@type\":\"EntryPoint\",\"urlTemplate\":\"https:\\\/\\\/planete-urgence.org\\\/es\\\/?s={search_term_string}\"},\"query-input\":{\"@type\":\"PropertyValueSpecification\",\"valueRequired\":true,\"valueName\":\"search_term_string\"}}],\"inLanguage\":\"es\"},{\"@type\":\"Organization\",\"@id\":\"https:\\\/\\\/planete-urgence.org\\\/es\\\/#organization\",\"name\":\"Plan\u00e8te Urgence\",\"url\":\"https:\\\/\\\/planete-urgence.org\\\/es\\\/\",\"logo\":{\"@type\":\"ImageObject\",\"inLanguage\":\"es\",\"@id\":\"https:\\\/\\\/planete-urgence.org\\\/es\\\/#\\\/schema\\\/logo\\\/image\\\/\",\"url\":\"https:\\\/\\\/planete-urgence.org\\\/wp-content\\\/uploads\\\/2021\\\/03\\\/logo-pu.png\",\"contentUrl\":\"https:\\\/\\\/planete-urgence.org\\\/wp-content\\\/uploads\\\/2021\\\/03\\\/logo-pu.png\",\"width\":187,\"height\":120,\"caption\":\"Plan\u00e8te Urgence\"},\"image\":{\"@id\":\"https:\\\/\\\/planete-urgence.org\\\/es\\\/#\\\/schema\\\/logo\\\/image\\\/\"},\"sameAs\":[\"https:\\\/\\\/www.facebook.com\\\/planete.urgence\\\/\",\"https:\\\/\\\/x.com\\\/PlaneteUrgence\"]}]}<\/script>\n<!-- \/ Yoast SEO plugin. -->","yoast_head_json":{"title":"Formation \u00e0 la ma\u00eetrise du cycle de vie d'un projet-RACINE - Plan\u00e8te Urgence","robots":{"index":"index","follow":"follow","max-snippet":"max-snippet:-1","max-image-preview":"max-image-preview:large","max-video-preview":"max-video-preview:-1"},"canonical":"https:\/\/planete-urgence.org\/es\/mission\/formation-a-la-maitrise-du-cycle-de-vie-dun-projet\/","og_locale":"es_ES","og_type":"article","og_title":"Formation \u00e0 la ma\u00eetrise du cycle de vie d'un projet-RACINE - Plan\u00e8te Urgence","og_url":"https:\/\/planete-urgence.org\/es\/mission\/formation-a-la-maitrise-du-cycle-de-vie-dun-projet\/","og_site_name":"Plan\u00e8te Urgence","article_publisher":"https:\/\/www.facebook.com\/planete.urgence\/","article_modified_time":"2026-04-30T09:55:00+00:00","og_image":[{"width":1080,"height":600,"url":"https:\/\/planete-urgence.org\/wp-content\/uploads\/2025\/08\/Photo-missions-site-CM3SC3-.jpg","type":"image\/jpeg"}],"twitter_card":"summary_large_image","twitter_site":"@PlaneteUrgence","twitter_misc":{"Tiempo de lectura":"10 minutos"},"schema":{"@context":"https:\/\/schema.org","@graph":[{"@type":"WebPage","@id":"https:\/\/planete-urgence.org\/es\/mission\/formation-a-la-maitrise-du-cycle-de-vie-dun-projet\/","url":"https:\/\/planete-urgence.org\/es\/mission\/formation-a-la-maitrise-du-cycle-de-vie-dun-projet\/","name":"Formation \u00e0 la ma\u00eetrise du cycle de vie d'un projet-RACINE - Plan\u00e8te Urgence","isPartOf":{"@id":"https:\/\/planete-urgence.org\/es\/#website"},"primaryImageOfPage":{"@id":"https:\/\/planete-urgence.org\/es\/mission\/formation-a-la-maitrise-du-cycle-de-vie-dun-projet\/#primaryimage"},"image":{"@id":"https:\/\/planete-urgence.org\/es\/mission\/formation-a-la-maitrise-du-cycle-de-vie-dun-projet\/#primaryimage"},"thumbnailUrl":"https:\/\/planete-urgence.org\/wp-content\/uploads\/2025\/08\/Photo-missions-site-CM3SC3-.jpg","datePublished":"2025-08-19T23:05:07+00:00","dateModified":"2026-04-30T09:55:00+00:00","breadcrumb":{"@id":"https:\/\/planete-urgence.org\/es\/mission\/formation-a-la-maitrise-du-cycle-de-vie-dun-projet\/#breadcrumb"},"inLanguage":"es","potentialAction":[{"@type":"ReadAction","target":["https:\/\/planete-urgence.org\/es\/mission\/formation-a-la-maitrise-du-cycle-de-vie-dun-projet\/"]}]},{"@type":"ImageObject","inLanguage":"es","@id":"https:\/\/planete-urgence.org\/es\/mission\/formation-a-la-maitrise-du-cycle-de-vie-dun-projet\/#primaryimage","url":"https:\/\/planete-urgence.org\/wp-content\/uploads\/2025\/08\/Photo-missions-site-CM3SC3-.jpg","contentUrl":"https:\/\/planete-urgence.org\/wp-content\/uploads\/2025\/08\/Photo-missions-site-CM3SC3-.jpg","width":1080,"height":600},{"@type":"BreadcrumbList","@id":"https:\/\/planete-urgence.org\/es\/mission\/formation-a-la-maitrise-du-cycle-de-vie-dun-projet\/#breadcrumb","itemListElement":[{"@type":"ListItem","position":1,"name":"Accueil","item":"https:\/\/planete-urgence.org\/es\/"},{"@type":"ListItem","position":2,"name":"Missions","item":"https:\/\/planete-urgence.org\/es\/mission\/"},{"@type":"ListItem","position":3,"name":"Formation \u00e0 la ma\u00eetrise du cycle de vie d&rsquo;un projet-RACINE"}]},{"@type":"WebSite","@id":"https:\/\/planete-urgence.org\/es\/#website","url":"https:\/\/planete-urgence.org\/es\/","name":"Plan\u00e8te Urgence","description":"Volontariat &amp; d\u00e9veloppement","publisher":{"@id":"https:\/\/planete-urgence.org\/es\/#organization"},"potentialAction":[{"@type":"SearchAction","target":{"@type":"EntryPoint","urlTemplate":"https:\/\/planete-urgence.org\/es\/?s={search_term_string}"},"query-input":{"@type":"PropertyValueSpecification","valueRequired":true,"valueName":"search_term_string"}}],"inLanguage":"es"},{"@type":"Organization","@id":"https:\/\/planete-urgence.org\/es\/#organization","name":"Plan\u00e8te Urgence","url":"https:\/\/planete-urgence.org\/es\/","logo":{"@type":"ImageObject","inLanguage":"es","@id":"https:\/\/planete-urgence.org\/es\/#\/schema\/logo\/image\/","url":"https:\/\/planete-urgence.org\/wp-content\/uploads\/2021\/03\/logo-pu.png","contentUrl":"https:\/\/planete-urgence.org\/wp-content\/uploads\/2021\/03\/logo-pu.png","width":187,"height":120,"caption":"Plan\u00e8te Urgence"},"image":{"@id":"https:\/\/planete-urgence.org\/es\/#\/schema\/logo\/image\/"},"sameAs":["https:\/\/www.facebook.com\/planete.urgence\/","https:\/\/x.com\/PlaneteUrgence"]}]}},"_links":{"self":[{"href":"https:\/\/planete-urgence.org\/es\/wp-json\/wp\/v2\/mission\/46592","targetHints":{"allow":["GET"]}}],"collection":[{"href":"https:\/\/planete-urgence.org\/es\/wp-json\/wp\/v2\/mission"}],"about":[{"href":"https:\/\/planete-urgence.org\/es\/wp-json\/wp\/v2\/types\/mission"}],"wp:featuredmedia":[{"embeddable":true,"href":"https:\/\/planete-urgence.org\/es\/wp-json\/wp\/v2\/media\/46610"}],"wp:attachment":[{"href":"https:\/\/planete-urgence.org\/es\/wp-json\/wp\/v2\/media?parent=46592"}],"curies":[{"name":"wp","href":"https:\/\/api.w.org\/{rel}","templated":true}]}}