{"id":46540,"date":"2025-08-05T01:05:09","date_gmt":"2025-08-04T23:05:09","guid":{"rendered":"https:\/\/planete-urgence.org\/mission\/formation-a-la-gestion-durable-des-dechets\/"},"modified":"2026-04-29T01:05:11","modified_gmt":"2026-04-28T23:05:11","slug":"formation-a-la-gestion-durable-des-dechets","status":"publish","type":"mission","link":"https:\/\/planete-urgence.org\/es\/mission\/formation-a-la-gestion-durable-des-dechets\/","title":{"rendered":"Formation \u00e0 la gestion durable des d\u00e9chets"},"content":{"rendered":"<div id=\"field_62b4befa13dbd\" class=\"container-fluid px-0 flexible_section block_innertemplate\">\n <div id=\"field_62b4befa13dbd_inner\" class=\"container flexible_section_inner\">\n\n   <div class=\"row flexible_section_content\">\n\n\n\n\t<section id=\"primary\" class=\"container content-area mainsinglemission\">\n\t\t<div id=\"main\" class=\"site-main\" role=\"main\">\n\n\t\t\t<div id=\"singlemission\">\n\n\t\t\t\t<div class=\"row mission_header bg-white pt-3\"><div id=\"mission_header_image\" class=\"col-12\">\t\n\t\t\t\t\t\t<img decoding=\"async\" src=\"https:\/\/planete-urgence.org\/wp-content\/uploads\/2025\/08\/Photo-missions-siteCM3XC1-1.jpg\" alt=\"Formation \u00e0 la gestion durable des d\u00e9chets\" class=\"thumbmission\" \/>\n\t\t\t\t\t\t<\/div><div id=\"more_mission\" class=\"col-12 text-right w-100 pt-3 pr-3\"><a href=\"https:\/\/planete-urgence.org\/es\/misiones-de-voluntariado\/\">Nos missions<\/a><\/div>\n            \t\n\t\t\t\t\t<div id=\"mission_header_title\" class=\"col-12 px-3 pb-3\">\t\n            \n\t\t\t\t\t\t<h1>Formation \u00e0 la gestion durable des d\u00e9chets<\/h1>\n                \n\t\t\t\t\t<\/div>\n\n\t\t\t\t<\/div>\t\n            \n\t\t\t\t<div class=\"row mission_body my-5 pb-5\">\n\n\t\t\t\t\t<div class=\"col-12 col-sm-8 projetenvironnement_body_left order-2 order-sm-1\"><div class=\"mission_body_content_part single_content_part mt-3\">\n\t\t\t\t\t\t\t\t<div>Cette mission consiste \u00e0 doter le personnel communal des connaissances n\u00e9cessaires pour la mise en place d\u2019un service de collecte, de tri et de valorisation des d\u00e9chets m\u00e9nagers.<\/div>\n\t\t\t\t\t\t\t<\/div>\n\n\t\t\t\t\t\t\t<div class=\"accordion mt-3 mb-3\" id=\"accordionMission\">\n\n\t\t\t\t\t\t\t\t<div class=\"card\">\n\t\t\t\t\t\t\t\t\t<div class=\"card-header\" id=\"MissionDescription\">\n\t\t\t\t\t\t\t\t\t\t<h3 class=\"mb-0\" data-toggle=\"collapse\" data-target=\"#collapseDescription\" aria-expanded=\"true\" aria-controls=\"collapseOne\">\n\t\t\t\t\t\t\t\t\t\t\t<span class=\"pull-left pr-3\"><i class=\"fas fa-angle-down\"><\/i><\/span> Description\n\t\t\t\t\t\t\t\t\t\t<\/h3>\n\t\t\t\t\t\t\t\t\t<\/div>\n\t\t\t\t\t\t\t\t\t<div id=\"collapseDescription\" class=\"collapse\" aria-labelledby=\"MissionDescription\" data-parent=\"#accordionMission\">\n\t\t\t\t\t\t\t\t\t\t<div class=\"card-body\"><div class=\"mission_body_content_part single_content_part mt-3\">\n\t\t\t\t\t\t\t\t\t\t\t\t<h3>Objectifs<\/h3>\n\t\t\t\t\t\t\t\t\t\t\t\t<div>L\u2019objectif de cette formation est de renforcer les capacit\u00e9s du personnel communal aux techniques de gestion int\u00e9gr\u00e9e et durable des d\u00e9chets :<br \/>\nDe mani\u00e8re sp\u00e9cifique, il s\u2019agira d\u2019outiller le personnel pour :<br \/>\n&#8211;\tLa compr\u00e9hension du bien-fond\u00e9 d\u2019une gestion ordonn\u00e9e des d\u00e9chets ;<br \/>\n&#8211;\tLa ma\u00eetrise des techniques et des outils de collecte et de traitement des d\u00e9chets ;<br \/>\n&#8211;\tLa ma\u00eetrise des techniques de transformation des d\u00e9chets organiques en engrais destin\u00e9s \u00e0 fertiliser le sol.<br \/>\n&#8211;\tLa ma\u00eetrise des techniques de valorisation des d\u00e9chets plastiques et non biod\u00e9gradables.<br \/>\n<br \/>\nLe projet routier Batchenga-Ntui-Yoko-Tibati a comme cons\u00e9quence une augmentation rapide de la population. Elle est estim\u00e9e actuelle \u00e0 plus de 20 000 habitants dans la zone urbaine et plus pr\u00e9cis\u00e9ment dans le complexe commercial de Yoko qui compte en moyenne 102 op\u00e9rateurs \u00e9conomiques. Les d\u00e9chets produits par semaine sont estim\u00e9s \u00e0 plus de 10 tonnes par trimestre selon les chiffres issus du service technique en charge de l\u2019assainissement or la Commune ne dispose pas d\u2019un Plan Communal de Gestion des D\u00e9chets (PCGD), ni d\u2019un personnel form\u00e9 \u00e0  la gestion des d\u00e9chets m\u00e9nagers. Les d\u00e9chets collect\u00e9s sont d\u00e9vers\u00e9s sur un site am\u00e9nag\u00e9 par la Commune.<br \/>\nLe Plan Communal de Gestion des D\u00e9chets (PCGD) en tant qu\u2019outil de planification strat\u00e9gique est inexistant et constitue donc un frein \u00e0 l\u2019am\u00e9lioration des performances de la Commune dans les domaines de la gestion des d\u00e9chets et de la sant\u00e9 des habitants de Yoko.<br \/>\nD\u2019autre part, des quantit\u00e9s importantes de d\u00e9chets jusqu\u2019ici mal \u00e9valu\u00e9es sont produites chaque jour dans la ville de Yoko. S\u2019agissant du complexe commercial de Yoko, les enl\u00e8vements des ordures se font chaque jeudi et les d\u00e9chets collect\u00e9s sont d\u00e9pos\u00e9s dans la zone de d\u00e9charge municipale dont les travaux sont en cours d\u2019ach\u00e8vement. De plus, les d\u00e9chets plastiques qui se d\u00e9versent dans les voies de canalisations font obstruction et cr\u00e9ent des inondations et des actions \u00e9rosives suite aux d\u00e9bordements des caniveaux. <br \/>\nLa valorisation de ces d\u00e9chets permettrait de r\u00e9duire les effets sur l\u2019environnement local et vulgariser l\u2019usage des d\u00e9chets domestiques comme intrants agricole  r\u00e9duisant ainsi  l\u2019utilisation des engrais chimiques fort dommageables pour les sols. L\u2019absence de moyens financiers suffisants a amen\u00e9 la Commune \u00e0 contacter Plan\u00e8te Urgence pour b\u00e9n\u00e9ficier de son programme de volontariat en faveur de l\u2019environnement pour obtenir une formation dans ce domaine.<\/div>\n\t\t\t\t\t\t\t\t\t\t\t<\/div><div class=\"mission_body_content_part single_content_part mt-3\">\n\t\t\t\t\t\t\t\t\t\t\t\t<h3>Intervention attendue du volontaire<\/h3>\n\t\t\t\t\t\t\t\t\t\t\t\t<div>Concernant les attentes du partenaire, la mission consistera \u00e0 faire des cours tous les jours ouvrables pendant 4 heures.<br \/>\nLa mission alternera entre les visites sur le terrain pour la partie pratique de la formation pendant lesquelles des pr\u00e9sentations des \u00e9tudes comparables seront faites  et des \u00e9changes avec le personnel communal  sur les modules pr\u00e9sent\u00e9s permettront aux participants de mieux pr\u00e9ciser le contexte .<br \/>\nPour ce qui est de l\u2019approche de terrain, il s\u2019agira de faire des tests avec le personnel de la commune pour voir si le syst\u00e8me propos\u00e9 par le formateur est adapt\u00e9. Apr\u00e8s cette phase, un syst\u00e8me de gestion et de transformation des d\u00e9chets en engrais organiques sera \u00e9labor\u00e9 et mis en place. <br \/>\nUne \u00e9tape de suivi et d\u2019\u00e9valuation des dispositifs de collecte pourra faire l\u2019objet d\u2019une seconde mission.<\/div>\n\t\t\t\t\t\t\t\t\t\t\t<\/div><div class=\"mission_body_content_part single_content_part mt-3\">\n\t\t\t\t\t\t\t\t\t\t\t\t<h3>Remarque(s)<\/h3>\n\t\t\t\t\t\t\t\t\t\t\t\t<div>La formation se tiendra dans la salle des actes de l\u2019h\u00f4tel de ville tous les jours ouvrables en journ\u00e9e pendant 04 h.<br \/>\nMatin\u00e9e : 07h30 \u2013 11h30<br \/>\nMode de transport pour faire les activit\u00e9s et distance \u00e0 parcourir :<br \/>\nLe trajet entre l\u2019H\u00f4tel et l\u2019h\u00f4tel de ville est de 500 m ; Une visite de terrain sera organis\u00e9e au complexe commercial situ\u00e9e \u00e0 02 km du lieu d\u2019h\u00e9bergement (sur une route bitum\u00e9e de bon \u00e9tat).<br \/>\nLe transport se fera par l\u2019entremise du v\u00e9hicule de liaison.<\/div>\n\t\t\t\t\t\t\t\t\t\t\t<\/div><div class=\"mission_body_content_part single_content_part mt-3\">\n\t\t\t\t\t\t\t\t\t\t\t\t<h3>Type de b&eacute;n&eacute;ficiaires<\/h3>\n\t\t\t\t\t\t\t\t\t\t\t\t<div>Personnel membres et temporaire de la Commune (08 hommes, 03 femmes) c&#8217;est \u00e0 dire le personnel du service technique de la commune et du service d\u2019hygi\u00e8ne et salubrit\u00e9.<br \/>\nLes b\u00e9n\u00e9ficiaires ont un niveau  universitaire et baccalaur\u00e9at,  et CEP ls ont entre 25 et 50 ans <br \/>\nPas besoin de traducteur. <br \/>\nIls sont tous d\u00e9butants dans le domaine de la mission.<\/div>\n\t\t\t\t\t\t\t\t\t\t\t<\/div>\n\t\t\t\t\t\t\t\t\t\t\t\t\t<div class=\"mission_body_content_part single_content_part mt-3\">\n\t\t\t\t\t\t\t\t\t\t\t\t\t\t<h3>Nombre de volontaires requis<\/h3>\n\t\t\t\t\t\t\t\t\t\t\t\t\t\t<p>De 1 &agrave; 2 volontaires<\/p>\n\t\t\t\t\t\t\t\t\t\t\t\t\t<\/div><div class=\"mission_body_content_part single_content_part mt-3\">\n\t\t\t\t\t\t\t\t\t\t\t\t<h3>Motivation attendue<\/h3>\n\t\t\t\t\t\t\t\t\t\t\t\t<p>Minimum 02 ann\u00e9es d\u2019exp\u00e9rience dans le domaine de l\u2019assainissement, gestion \/ traitement des d\u00e9chets et compostage.<br \/>\nVolontaire engag\u00e9 ; grande capacit\u00e9 d\u2019\u00e9coute et d&#8217;adaptation. Bon sens relationnel.<\/p>\n\t\t\t\t\t\t\t\t\t\t\t<\/div>\t\t<\/div>\n\t\t\t\t\t\t\t\t\t<\/div>\n\t\t\t\t\t\t\t\t<\/div>\n\n\t\t\t\t\t\t\t\t<div class=\"card\">\n\t\t\t\t\t\t\t\t\t<div class=\"card-header\" id=\"MissionPartenaires\">\n\t\t\t\t\t\t\t\t\t\t<h3 class=\"mb-0\" data-toggle=\"collapse\" data-target=\"#collapsePartenaires\" aria-expanded=\"true\" aria-controls=\"collapseOne\">\n\t\t\t\t\t\t\t\t\t\t\t<span class=\"pull-left pr-3\"><i class=\"fas fa-angle-down\"><\/i><\/span> Le partenaire\n\t\t\t\t\t\t\t\t\t\t<\/h3>\n\t\t\t\t\t\t\t\t\t<\/div>\n\t\t\t\t\t\t\t\t\t<div id=\"collapsePartenaires\" class=\"collapse\" aria-labelledby=\"MissionPartenaires\" data-parent=\"#accordionMission\">\n\t\t\t\t\t\t\t\t\t\t<div class=\"card-body\"><div class=\"mission_body_content_part single_content_part mt-3\">\n\t\t\t\t\t\t\t\t\t\t\t\t<h3>Notre partenaire local<\/h3>\n\t\t\t\t\t\t\t\t\t\t\t\t<p>Commune de Yoko<\/p>\n\t\t\t\t\t\t\t\t\t\t\t<\/div><div class=\"mission_body_content_part single_content_part mt-3\">\n\t\t\t\t\t\t\t\t\t\t\t\t<h3>Historique<\/h3>\n\t\t\t\t\t\t\t\t\t\t\t\t<p>Jusqu\u2019\u00e0 1958, Yoko \u00e9tait rattach\u00e9 \u00e0 la r\u00e9gion du Mbam, donc le chef lieu \u00e9tait situ\u00e9 \u00e0 plus 316.9 km. Soucis de rapprocher l\u2019administration des administr\u00e9s et de r\u00e9soudre le probl\u00e8me li\u00e9 \u00e0 au non respect des d\u00e9lais de traitement des dossiers administratifs, l\u2019Etat cr\u00e9a l\u2019Arrondissement en 1959 et la Commune en 1955. Cette Collectivit\u00e9 Territoriale D\u00e9centralis\u00e9e vise \u00e0 assurer un d\u00e9veloppement local (de mani\u00e8re participative) et d\u2019am\u00e9liorer le cadre et les conditions de vie de ses habitants.<br \/>\nLa Commune qu\u2019\u00e0 elle est engag\u00e9e dans le  d\u00e9veloppement durable.<br \/>\n<br \/>\nPour atteindre les objectifs vis\u00e9s par l\u2019Etat, la Commune doit r\u00e9pondre aux besoins d\u2019am\u00e9nagement urbain, \u00e9quipement et infrastructures d\u2019int\u00e9r\u00eat communautaire,  d\u2019action sociale et veiller \u00e0 la protection de l\u2019environnement.<\/p>\n\t\t\t\t\t\t\t\t\t\t\t<\/div>\t\t<\/div>\n\t\t\t\t\t\t\t\t\t<\/div>\n\t\t\t\t\t\t\t\t<\/div> \n\n\t\t\t\t\t\t\t\t<div class=\"card\">\n\t\t\t\t\t\t\t\t\t<div class=\"card-header\" id=\"MissionInformations\">\n\t\t\t\t\t\t\t\t\t\t<h3 class=\"mb-0\" data-toggle=\"collapse\" data-target=\"#collapseInformations\" aria-expanded=\"true\" aria-controls=\"collapseOne\">\n\t\t\t\t\t\t\t\t\t\t\t<span class=\"pull-left pr-3\"><i class=\"fas fa-angle-down\"><\/i><\/span> Informations pratiques\n\t\t\t\t\t\t\t\t\t\t<\/h3>\n\t\t\t\t\t\t\t\t\t<\/div>\n\t\t\t\t\t\t\t\t\t<div id=\"collapseInformations\" class=\"collapse\" aria-labelledby=\"MissionInformations\" data-parent=\"#accordionMission\">\n\t\t\t\t\t\t\t\t\t\t<div class=\"card-body\"><div class=\"mission_body_content_part single_content_part mt-3\">\n\t\t\t\t\t\t\t\t\t\t\t\t<h3>Accueil et transfert<\/h3>\n\t\t\t\t\t\t\t\t\t\t\t\t<div>Accueil par le Secr\u00e9taire G\u00e9n\u00e9ral \u00e0 l\u2019a\u00e9roport de Yaound\u00e9 Nsimalen et d\u00e9placement en taxi , nuit\u00e9es \u00e0 Yaound\u00e9 (H\u00f4tel dans les conditions normales requises). Le <br \/>\nlendemain, d\u00e9part pour Yoko route nationale N\u00b015 reliant Yaound\u00e9 \u2013 Ngaound\u00e9r\u00e9 d\u2019une dur\u00e9e de 4h00.<br \/>\nPour les visites de terrain : les d\u00e9placements dans les quartiers se feront par le v\u00e9hicule de liaison  Pick-up 4 X 4) appartenant \u00e0 la mairie.<\/div>\n\t\t\t\t\t\t\t\t\t\t\t<\/div><div class=\"mission_body_content_part single_content_part mt-3\">\n\t\t\t\t\t\t\t\t\t\t\t\t<h3>A\u00e9roport d&#8217;arriv\u00e9e<\/h3>\n\t\t\t\t\t\t\t\t\t\t\t\t<div>A\u00e9roport de Yaound\u00e9 Nsimalen.<\/div>\n\t\t\t\t\t\t\t\t\t\t\t<\/div><div class=\"mission_body_content_part single_content_part mt-3\">\n\t\t\t\t\t\t\t\t\t\t\t\t<h3>H\u00e9bergement<\/h3>\n\t\t\t\t\t\t\t\t\t\t\t\t<div>H\u00f4tel : Le volontaire passera deux   nuits \u00e0 Yaound\u00e9 (une d\u00e8s son arriv\u00e9e et l\u2019autre pour le d\u00e9part).<br \/>\nSur le terrain : Il dormira \u00e0 l\u2019h\u00f4tel Eco-touristique de Yoko. C\u2019est une structure moderne compos\u00e9e de deux suites et de chambres ventil\u00e9es, avec salle de bain \/ toilette interne, ferm\u00e9e \u00e0 cl\u00e9, \u00e9lectricit\u00e9 et eau disponible.<\/div>\n\t\t\t\t\t\t\t\t\t\t\t<\/div><div class=\"mission_body_content_part single_content_part mt-3\">\n\t\t\t\t\t\t\t\t\t\t\t\t<h3>Mat\u00e9riel disponible sur place<\/h3>\n\t\t\t\t\t\t\t\t\t\t\t\t<div>Ordinateurs et vid\u00e9o projecteur pour les cours th\u00e9oriques, dot\u00e9s de simples logiciels informatiques sont disponibles.<\/div>\n\t\t\t\t\t\t\t\t\t\t\t<\/div>\t\t<\/div>\n\t\t\t\t\t\t\t\t\t<\/div>\n\t\t\t\t\t\t\t\t<\/div> \n\n\t\t\t\t\t\t<\/div>\n\t\t\t\t\t\t                \n\t\t\t\t\t\t<p class=\"postuler red-button d-sm-none\">\n\t\t\t\t\t\t\t\t\t<a href=\"https:\/\/planete-urgence.org\/postuler\/?refmission=CM3XC1\" class=\"d-sm-none w-100\">Je postule<\/a>\n\t\t\t\t\t\t<\/p>\n                \n\t\t\t\t\t<\/div>\n\n\t\t\t\t\t<div class=\"col-12 col-sm-4 mission_body_right order-1 order-sm-2 px-0 px-sm-3\">\n\n\t\t\t\t\t\t<div class=\"mission_body_right_inner\">\n                        \n                        \t<p class=\"postuler red-button mn-3\">\n                            \t<a href=\"https:\/\/planete-urgence.org\/postuler\/?refmission=CM3XC1\" class=\"w-100\">Je postule<\/a>\n                            <\/p>\n                            \n                            <div class=\"mission_body_right_inner_first\">\n                            \n                                <p class=\"mb-2\" style=\"padding-left: 55px;\"><span>Code mission : <\/span>CM3XC1<\/p>\n                                <p class=\"mb-2 missionrightpicto\"><img decoding=\"async\" src=\"https:\/\/planete-urgence.org\/wp-content\/uploads\/2023\/06\/picto_partenaire.png\" class=\"alignleft mb-3\" \/><span>Partenaire :<\/span><br \/>Commune de Yoko<\/p>\n                                <p class=\"mb-2 missionrightpicto\"><img decoding=\"async\" src=\"https:\/\/planete-urgence.org\/wp-content\/uploads\/2023\/06\/picto_localisation.png\" class=\"alignleft mb-3\" \/><span>Localisation :<\/span><br \/>Cameroun, Afrique de l&#8217;Ouest, Yoko<\/p>\n\t\t\t\t\t\t\t\t<div class=\"mb-2 missionrightpicto\"><img decoding=\"async\" src=\"https:\/\/planete-urgence.org\/wp-content\/uploads\/2023\/06\/picto_langues.png\" class=\"alignleft mb-3\" \/><span>Langues :<\/span><p class=\"mb-1\"><b class=\"lang\">Francais<\/b><\/p><\/div>\n                                <p class=\"mb-2 missionrightpicto\"><img decoding=\"async\" src=\"https:\/\/planete-urgence.org\/wp-content\/uploads\/2023\/06\/picto_intervention.png\" class=\"alignleft mb-3\" \/><span>Type d&#8217;intervention :<\/span><br \/>Formation pour adultes<\/p><p class=\"mb-2 missionrightpicto\"><img decoding=\"async\" src=\"https:\/\/planete-urgence.org\/wp-content\/uploads\/2023\/06\/picto_competences.png\" class=\"alignleft mb-3\" \/><span>Comp\u00e9tences :<\/span><br \/>Biodiversit\u00e9, Sant\u00e9<\/p><p class=\"mb-2 missionrightpicto\"><img decoding=\"async\" src=\"https:\/\/planete-urgence.org\/wp-content\/uploads\/2023\/06\/picto_dispositifs.png\" class=\"alignleft mb-3\" \/><span>Dispositif(s) possible(s) :<\/span><br \/>\n\t\t\t\t\t\t\t\t\t\t<a href=\"https:\/\/planete-urgence.org\/nos-dispositifs-de-volontariat\/le-conge-solidaire\/\">Cong\u00e9 Solidaire<\/a>, <a href=\"https:\/\/planete-urgence.org\/nos-dispositifs-de-volontariat\/mission-solidaire\/\">Mission Solidaire<\/a>\n\t\t\t\t\t\t\t\t\t<\/p><p class=\"mb-2 missionrightpicto\"><img decoding=\"async\" src=\"https:\/\/planete-urgence.org\/wp-content\/uploads\/2023\/06\/picto_duree.png\" class=\"alignleft mb-3\" \/><span>Dur\u00e9e :<\/span><br \/>2 semaines<\/p><p class=\"mb-2 missionrightpicto\"><img decoding=\"async\" src=\"https:\/\/planete-urgence.org\/wp-content\/uploads\/2023\/06\/picto_dates.png\" class=\"alignleft mb-3\" \/><span>Mission disponible toute l&#8217;ann\u00e9e<\/span><\/p><\/div>\n\t\t\t\t\t\t\t<p class=\"postuler red-button mt-3\">\n                            \t<a href=\"https:\/\/planete-urgence.org\/es\/misiones-de-voluntariado\/\">Nos missions<\/a>\n                            <\/p>\n                            \n                            <div class=\"mission_body_right_socialsharing\">\n                            \n                            \n                            <\/div>\n                        \n                        <\/div>\n                \n\t\t\t\t\t<\/div>\n\t\t\t\t\t\n\t\t\t\t<\/div>\n\n\t\t<\/div>\n\t\t<\/div>\n\n\t<\/section>\n\n<style>\n\n.missionrightpicto { min-height: 50px; }\n\n<\/style>\n\n<script type=\"text\/javascript\">\n\n\tjQuery(document).ready(function() {\n\n\t\tjQuery('.collapse.show').each(function(){\n\t\t\tjQuery(this).prev('.card-header').find('.fas').addClass('fa-angle-down').removeClass('fa-plus');\n\t\t});\n\t\t\n\t\tjQuery('.collapse').on('show.bs.collapse', function(){\n\t\t\tjQuery(this).prev('.card-header').find('.fas').removeClass('fa-angle-down').addClass('fa-angle-up');\n\t\t}).on('hide.bs.collapse', function(){\n\t\t\tjQuery(this).prev('.card-header').find('.fas').removeClass('fa-angle-up').addClass('fa-angle-down');\n\t\t});\n\t\t\n\t\t\n\t\t\n\t\n\t});\n\n\n<\/script>\n\n  <\/div>\n\n <\/div>\n<\/div>\n","protected":false},"featured_media":46543,"template":"","class_list":["post-46540","mission","type-mission","status-publish","has-post-thumbnail","hentry"],"acf":[],"yoast_head":"<!-- This site is optimized with the Yoast SEO plugin v27.5 - https:\/\/yoast.com\/product\/yoast-seo-wordpress\/ -->\n<title>Formation \u00e0 la gestion durable des d\u00e9chets - Plan\u00e8te Urgence<\/title>\n<meta name=\"robots\" content=\"index, follow, max-snippet:-1, max-image-preview:large, max-video-preview:-1\" \/>\n<link rel=\"canonical\" href=\"https:\/\/planete-urgence.org\/es\/mission\/formation-a-la-gestion-durable-des-dechets\/\" \/>\n<meta property=\"og:locale\" content=\"es_ES\" \/>\n<meta property=\"og:type\" content=\"article\" \/>\n<meta property=\"og:title\" content=\"Formation \u00e0 la gestion durable des d\u00e9chets - Plan\u00e8te Urgence\" \/>\n<meta property=\"og:url\" content=\"https:\/\/planete-urgence.org\/es\/mission\/formation-a-la-gestion-durable-des-dechets\/\" \/>\n<meta property=\"og:site_name\" content=\"Plan\u00e8te Urgence\" \/>\n<meta property=\"article:publisher\" content=\"https:\/\/www.facebook.com\/planete.urgence\/\" \/>\n<meta property=\"article:modified_time\" content=\"2026-04-28T23:05:11+00:00\" \/>\n<meta property=\"og:image\" content=\"https:\/\/planete-urgence.org\/wp-content\/uploads\/2025\/08\/Photo-missions-siteCM3XC1-1.jpg\" \/>\n\t<meta property=\"og:image:width\" content=\"1080\" \/>\n\t<meta property=\"og:image:height\" content=\"600\" \/>\n\t<meta property=\"og:image:type\" content=\"image\/jpeg\" \/>\n<meta name=\"twitter:card\" content=\"summary_large_image\" \/>\n<meta name=\"twitter:site\" content=\"@PlaneteUrgence\" \/>\n<meta name=\"twitter:label1\" content=\"Tiempo de lectura\" \/>\n\t<meta name=\"twitter:data1\" content=\"8 minutos\" \/>\n<script type=\"application\/ld+json\" class=\"yoast-schema-graph\">{\"@context\":\"https:\\\/\\\/schema.org\",\"@graph\":[{\"@type\":\"WebPage\",\"@id\":\"https:\\\/\\\/planete-urgence.org\\\/es\\\/mission\\\/formation-a-la-gestion-durable-des-dechets\\\/\",\"url\":\"https:\\\/\\\/planete-urgence.org\\\/es\\\/mission\\\/formation-a-la-gestion-durable-des-dechets\\\/\",\"name\":\"Formation \u00e0 la gestion durable des d\u00e9chets - Plan\u00e8te Urgence\",\"isPartOf\":{\"@id\":\"https:\\\/\\\/planete-urgence.org\\\/es\\\/#website\"},\"primaryImageOfPage\":{\"@id\":\"https:\\\/\\\/planete-urgence.org\\\/es\\\/mission\\\/formation-a-la-gestion-durable-des-dechets\\\/#primaryimage\"},\"image\":{\"@id\":\"https:\\\/\\\/planete-urgence.org\\\/es\\\/mission\\\/formation-a-la-gestion-durable-des-dechets\\\/#primaryimage\"},\"thumbnailUrl\":\"https:\\\/\\\/planete-urgence.org\\\/wp-content\\\/uploads\\\/2025\\\/08\\\/Photo-missions-siteCM3XC1-1.jpg\",\"datePublished\":\"2025-08-04T23:05:09+00:00\",\"dateModified\":\"2026-04-28T23:05:11+00:00\",\"breadcrumb\":{\"@id\":\"https:\\\/\\\/planete-urgence.org\\\/es\\\/mission\\\/formation-a-la-gestion-durable-des-dechets\\\/#breadcrumb\"},\"inLanguage\":\"es\",\"potentialAction\":[{\"@type\":\"ReadAction\",\"target\":[\"https:\\\/\\\/planete-urgence.org\\\/es\\\/mission\\\/formation-a-la-gestion-durable-des-dechets\\\/\"]}]},{\"@type\":\"ImageObject\",\"inLanguage\":\"es\",\"@id\":\"https:\\\/\\\/planete-urgence.org\\\/es\\\/mission\\\/formation-a-la-gestion-durable-des-dechets\\\/#primaryimage\",\"url\":\"https:\\\/\\\/planete-urgence.org\\\/wp-content\\\/uploads\\\/2025\\\/08\\\/Photo-missions-siteCM3XC1-1.jpg\",\"contentUrl\":\"https:\\\/\\\/planete-urgence.org\\\/wp-content\\\/uploads\\\/2025\\\/08\\\/Photo-missions-siteCM3XC1-1.jpg\",\"width\":1080,\"height\":600},{\"@type\":\"BreadcrumbList\",\"@id\":\"https:\\\/\\\/planete-urgence.org\\\/es\\\/mission\\\/formation-a-la-gestion-durable-des-dechets\\\/#breadcrumb\",\"itemListElement\":[{\"@type\":\"ListItem\",\"position\":1,\"name\":\"Accueil\",\"item\":\"https:\\\/\\\/planete-urgence.org\\\/es\\\/\"},{\"@type\":\"ListItem\",\"position\":2,\"name\":\"Missions\",\"item\":\"https:\\\/\\\/planete-urgence.org\\\/es\\\/mission\\\/\"},{\"@type\":\"ListItem\",\"position\":3,\"name\":\"Formation \u00e0 la gestion durable des d\u00e9chets\"}]},{\"@type\":\"WebSite\",\"@id\":\"https:\\\/\\\/planete-urgence.org\\\/es\\\/#website\",\"url\":\"https:\\\/\\\/planete-urgence.org\\\/es\\\/\",\"name\":\"Plan\u00e8te Urgence\",\"description\":\"Volontariat &amp; d\u00e9veloppement\",\"publisher\":{\"@id\":\"https:\\\/\\\/planete-urgence.org\\\/es\\\/#organization\"},\"potentialAction\":[{\"@type\":\"SearchAction\",\"target\":{\"@type\":\"EntryPoint\",\"urlTemplate\":\"https:\\\/\\\/planete-urgence.org\\\/es\\\/?s={search_term_string}\"},\"query-input\":{\"@type\":\"PropertyValueSpecification\",\"valueRequired\":true,\"valueName\":\"search_term_string\"}}],\"inLanguage\":\"es\"},{\"@type\":\"Organization\",\"@id\":\"https:\\\/\\\/planete-urgence.org\\\/es\\\/#organization\",\"name\":\"Plan\u00e8te Urgence\",\"url\":\"https:\\\/\\\/planete-urgence.org\\\/es\\\/\",\"logo\":{\"@type\":\"ImageObject\",\"inLanguage\":\"es\",\"@id\":\"https:\\\/\\\/planete-urgence.org\\\/es\\\/#\\\/schema\\\/logo\\\/image\\\/\",\"url\":\"https:\\\/\\\/planete-urgence.org\\\/wp-content\\\/uploads\\\/2021\\\/03\\\/logo-pu.png\",\"contentUrl\":\"https:\\\/\\\/planete-urgence.org\\\/wp-content\\\/uploads\\\/2021\\\/03\\\/logo-pu.png\",\"width\":187,\"height\":120,\"caption\":\"Plan\u00e8te Urgence\"},\"image\":{\"@id\":\"https:\\\/\\\/planete-urgence.org\\\/es\\\/#\\\/schema\\\/logo\\\/image\\\/\"},\"sameAs\":[\"https:\\\/\\\/www.facebook.com\\\/planete.urgence\\\/\",\"https:\\\/\\\/x.com\\\/PlaneteUrgence\"]}]}<\/script>\n<!-- \/ Yoast SEO plugin. -->","yoast_head_json":{"title":"Formation \u00e0 la gestion durable des d\u00e9chets - Plan\u00e8te Urgence","robots":{"index":"index","follow":"follow","max-snippet":"max-snippet:-1","max-image-preview":"max-image-preview:large","max-video-preview":"max-video-preview:-1"},"canonical":"https:\/\/planete-urgence.org\/es\/mission\/formation-a-la-gestion-durable-des-dechets\/","og_locale":"es_ES","og_type":"article","og_title":"Formation \u00e0 la gestion durable des d\u00e9chets - Plan\u00e8te Urgence","og_url":"https:\/\/planete-urgence.org\/es\/mission\/formation-a-la-gestion-durable-des-dechets\/","og_site_name":"Plan\u00e8te Urgence","article_publisher":"https:\/\/www.facebook.com\/planete.urgence\/","article_modified_time":"2026-04-28T23:05:11+00:00","og_image":[{"width":1080,"height":600,"url":"https:\/\/planete-urgence.org\/wp-content\/uploads\/2025\/08\/Photo-missions-siteCM3XC1-1.jpg","type":"image\/jpeg"}],"twitter_card":"summary_large_image","twitter_site":"@PlaneteUrgence","twitter_misc":{"Tiempo de lectura":"8 minutos"},"schema":{"@context":"https:\/\/schema.org","@graph":[{"@type":"WebPage","@id":"https:\/\/planete-urgence.org\/es\/mission\/formation-a-la-gestion-durable-des-dechets\/","url":"https:\/\/planete-urgence.org\/es\/mission\/formation-a-la-gestion-durable-des-dechets\/","name":"Formation \u00e0 la gestion durable des d\u00e9chets - Plan\u00e8te Urgence","isPartOf":{"@id":"https:\/\/planete-urgence.org\/es\/#website"},"primaryImageOfPage":{"@id":"https:\/\/planete-urgence.org\/es\/mission\/formation-a-la-gestion-durable-des-dechets\/#primaryimage"},"image":{"@id":"https:\/\/planete-urgence.org\/es\/mission\/formation-a-la-gestion-durable-des-dechets\/#primaryimage"},"thumbnailUrl":"https:\/\/planete-urgence.org\/wp-content\/uploads\/2025\/08\/Photo-missions-siteCM3XC1-1.jpg","datePublished":"2025-08-04T23:05:09+00:00","dateModified":"2026-04-28T23:05:11+00:00","breadcrumb":{"@id":"https:\/\/planete-urgence.org\/es\/mission\/formation-a-la-gestion-durable-des-dechets\/#breadcrumb"},"inLanguage":"es","potentialAction":[{"@type":"ReadAction","target":["https:\/\/planete-urgence.org\/es\/mission\/formation-a-la-gestion-durable-des-dechets\/"]}]},{"@type":"ImageObject","inLanguage":"es","@id":"https:\/\/planete-urgence.org\/es\/mission\/formation-a-la-gestion-durable-des-dechets\/#primaryimage","url":"https:\/\/planete-urgence.org\/wp-content\/uploads\/2025\/08\/Photo-missions-siteCM3XC1-1.jpg","contentUrl":"https:\/\/planete-urgence.org\/wp-content\/uploads\/2025\/08\/Photo-missions-siteCM3XC1-1.jpg","width":1080,"height":600},{"@type":"BreadcrumbList","@id":"https:\/\/planete-urgence.org\/es\/mission\/formation-a-la-gestion-durable-des-dechets\/#breadcrumb","itemListElement":[{"@type":"ListItem","position":1,"name":"Accueil","item":"https:\/\/planete-urgence.org\/es\/"},{"@type":"ListItem","position":2,"name":"Missions","item":"https:\/\/planete-urgence.org\/es\/mission\/"},{"@type":"ListItem","position":3,"name":"Formation \u00e0 la gestion durable des d\u00e9chets"}]},{"@type":"WebSite","@id":"https:\/\/planete-urgence.org\/es\/#website","url":"https:\/\/planete-urgence.org\/es\/","name":"Plan\u00e8te Urgence","description":"Volontariat &amp; d\u00e9veloppement","publisher":{"@id":"https:\/\/planete-urgence.org\/es\/#organization"},"potentialAction":[{"@type":"SearchAction","target":{"@type":"EntryPoint","urlTemplate":"https:\/\/planete-urgence.org\/es\/?s={search_term_string}"},"query-input":{"@type":"PropertyValueSpecification","valueRequired":true,"valueName":"search_term_string"}}],"inLanguage":"es"},{"@type":"Organization","@id":"https:\/\/planete-urgence.org\/es\/#organization","name":"Plan\u00e8te Urgence","url":"https:\/\/planete-urgence.org\/es\/","logo":{"@type":"ImageObject","inLanguage":"es","@id":"https:\/\/planete-urgence.org\/es\/#\/schema\/logo\/image\/","url":"https:\/\/planete-urgence.org\/wp-content\/uploads\/2021\/03\/logo-pu.png","contentUrl":"https:\/\/planete-urgence.org\/wp-content\/uploads\/2021\/03\/logo-pu.png","width":187,"height":120,"caption":"Plan\u00e8te Urgence"},"image":{"@id":"https:\/\/planete-urgence.org\/es\/#\/schema\/logo\/image\/"},"sameAs":["https:\/\/www.facebook.com\/planete.urgence\/","https:\/\/x.com\/PlaneteUrgence"]}]}},"_links":{"self":[{"href":"https:\/\/planete-urgence.org\/es\/wp-json\/wp\/v2\/mission\/46540","targetHints":{"allow":["GET"]}}],"collection":[{"href":"https:\/\/planete-urgence.org\/es\/wp-json\/wp\/v2\/mission"}],"about":[{"href":"https:\/\/planete-urgence.org\/es\/wp-json\/wp\/v2\/types\/mission"}],"wp:featuredmedia":[{"embeddable":true,"href":"https:\/\/planete-urgence.org\/es\/wp-json\/wp\/v2\/media\/46543"}],"wp:attachment":[{"href":"https:\/\/planete-urgence.org\/es\/wp-json\/wp\/v2\/media?parent=46540"}],"curies":[{"name":"wp","href":"https:\/\/api.w.org\/{rel}","templated":true}]}}