{"id":39009,"date":"2024-04-26T01:05:11","date_gmt":"2024-04-25T23:05:11","guid":{"rendered":"https:\/\/planete-urgence.org\/mission\/formation-en-comptabilite-des-associations\/"},"modified":"2026-04-30T11:54:58","modified_gmt":"2026-04-30T09:54:58","slug":"formation-en-comptabilite-des-associations","status":"publish","type":"mission","link":"https:\/\/planete-urgence.org\/es\/mission\/formation-en-comptabilite-des-associations\/","title":{"rendered":"Formation en comptabilit\u00e9 des associations."},"content":{"rendered":"<div id=\"field_62b4befa13dbd\" class=\"container-fluid px-0 flexible_section block_innertemplate\">\n <div id=\"field_62b4befa13dbd_inner\" class=\"container flexible_section_inner\">\n\n   <div class=\"row flexible_section_content\">\n\n\n\n\t<section id=\"primary\" class=\"container content-area mainsinglemission\">\n\t\t<div id=\"main\" class=\"site-main\" role=\"main\">\n\n\t\t\t<div id=\"singlemission\">\n\n\t\t\t\t<div class=\"row mission_header bg-white pt-3\"><div id=\"mission_header_image\" class=\"col-12\">\t\n\t\t\t\t\t\t<img decoding=\"async\" src=\"https:\/\/planete-urgence.org\/wp-content\/uploads\/2024\/04\/formation-en-comptabilite-des-associations-CM3SC2.jpg\" alt=\"Formation en comptabilit\u00e9 des associations.\" class=\"thumbmission\" \/>\n\t\t\t\t\t\t<\/div><div id=\"more_mission\" class=\"col-12 text-right w-100 pt-3 pr-3\"><a href=\"https:\/\/planete-urgence.org\/es\/misiones-de-voluntariado\/\">Nos missions<\/a><\/div>\n            \t\n\t\t\t\t\t<div id=\"mission_header_title\" class=\"col-12 px-3 pb-3\">\t\n            \n\t\t\t\t\t\t<h1>Formation en comptabilit\u00e9 des associations.<\/h1>\n                \n\t\t\t\t\t<\/div>\n\n\t\t\t\t<\/div>\t\n            \n\t\t\t\t<div class=\"row mission_body my-5 pb-5\">\n\n\t\t\t\t\t<div class=\"col-12 col-sm-8 projetenvironnement_body_left order-2 order-sm-1\"><div class=\"mission_body_content_part single_content_part mt-3\">\n\t\t\t\t\t\t\t\t<div>La mission consiste \u00e0 former les membres de l\u2019association \u00e0 acqu\u00e9rir une solide comp\u00e9tence en comptabilit\u00e9 des associations car pour le moment toutes les op\u00e9rations se font manuellement.<\/div>\n\t\t\t\t\t\t\t<\/div>\n\n\t\t\t\t\t\t\t<div class=\"accordion mt-3 mb-3\" id=\"accordionMission\">\n\n\t\t\t\t\t\t\t\t<div class=\"card\">\n\t\t\t\t\t\t\t\t\t<div class=\"card-header\" id=\"MissionDescription\">\n\t\t\t\t\t\t\t\t\t\t<h3 class=\"mb-0\" data-toggle=\"collapse\" data-target=\"#collapseDescription\" aria-expanded=\"true\" aria-controls=\"collapseOne\">\n\t\t\t\t\t\t\t\t\t\t\t<span class=\"pull-left pr-3\"><i class=\"fas fa-angle-down\"><\/i><\/span> Description\n\t\t\t\t\t\t\t\t\t\t<\/h3>\n\t\t\t\t\t\t\t\t\t<\/div>\n\t\t\t\t\t\t\t\t\t<div id=\"collapseDescription\" class=\"collapse\" aria-labelledby=\"MissionDescription\" data-parent=\"#accordionMission\">\n\t\t\t\t\t\t\t\t\t\t<div class=\"card-body\"><div class=\"mission_body_content_part single_content_part mt-3\">\n\t\t\t\t\t\t\t\t\t\t\t\t<h3>Objectifs<\/h3>\n\t\t\t\t\t\t\t\t\t\t\t\t<div>Les membres de l\u2019association expriment le besoin de se doter d\u2019une comp\u00e9tence solide en comptabilit\u00e9 en vue de r\u00e9pondre aux exigences des bailleurs de fonds et d\u2019avoir une tra\u00e7abilit\u00e9 de toute la comptabilit\u00e9 de l\u2019association. <br \/>\n<br \/>\nDe mani\u00e8re sp\u00e9cifique, il s\u2019agira pour eux d\u2019apprendre \u00e0 :<br \/>\n&#8211; Tenir une comptabilit\u00e9 associative avec le logiciel SAGE I7 ;<br \/>\n&#8211; Tenir une comptabilit\u00e9 journali\u00e8re sur Excel;<br \/>\n&#8211; G\u00e9rer les achats et les inventaires de mat\u00e9riel;<br \/>\n&#8211; Tracer les entr\u00e9es et sorties de la tr\u00e9sorerie de l&#8217;association.<br \/>\n<br \/>\nCes objectifs se justifient dans la mesure o\u00f9 la gestion des diff\u00e9rents fonds et budgets de l\u2019association s\u2019av\u00e8re aujourd\u2019hui complexe au regard des exigences des diff\u00e9rents partenaires et bailleurs (enregistrement des pi\u00e8ces comptables dans un journal, bilan sur l\u2019utilisation des fonds, pr\u00e9sentation de factures etc).<br \/>\n<br \/>\nLes membres de ECODEV ne ma\u00eetrisent pas les techniques de la comptabilit\u00e9 des associations et ne disposent pas des connaissances n\u00e9cessaires pour le suivi de la comptabilit\u00e9 avec le logiciel Sage I7 et sur Excel. La gestion comptable n&#8217;est donc pas faite correctement et se fait aujourd\u2019hui manuellement. Il n&#8217;y a pas de tra\u00e7abilit\u00e9 pour toutes les entr\u00e9es et sorties de fonds de l&#8217;association. Malgr\u00e9 la r\u00e9ussite des projets qu\u2019elle m\u00e8ne et la comp\u00e9tence de ses \u00e9quipes, ECODEV rencontre des difficult\u00e9s \u00e0 ce niveau. <br \/>\n<br \/>\nLocalement, il n\u2019y a pas de structure de formation et \u00e0 la capitale politique (Yaound\u00e9) les co\u00fbts de formation en comptabilit\u00e9 des associations est trop on\u00e9reuse. ECODEV sollicite donc cette formation par le biais du volontariat.<\/div>\n\t\t\t\t\t\t\t\t\t\t\t<\/div><div class=\"mission_body_content_part single_content_part mt-3\">\n\t\t\t\t\t\t\t\t\t\t\t\t<h3>Intervention attendue du volontaire<\/h3>\n\t\t\t\t\t\t\t\t\t\t\t\t<div>Le (ou les) volontaire(s) fera une formation \u00e0 la comptabilit\u00e9 des associations : <br \/>\n1-\tTenir une comptabilit\u00e9 associative sur SAGE I7 ;<br \/>\n2-\tTenir une comptabilit\u00e9 journali\u00e8re sur Excel<br \/>\n3-\tG\u00e9rer les achats et les inventaires de mat\u00e9riel (Bon de commande et devis, Fiche de suivi des biens durables\/inventaire)&#8230;<\/div>\n\t\t\t\t\t\t\t\t\t\t\t<\/div><div class=\"mission_body_content_part single_content_part mt-3\">\n\t\t\t\t\t\t\t\t\t\t\t\t<h3>Remarque(s)<\/h3>\n\t\t\t\t\t\t\t\t\t\t\t\t<div>La formation aura lieu dans la salle de conf\u00e9rence d\u2019ECODEV. Elle dispose d\u2019un \u00e9cran plasma de 43 pouces \u00e0 connecter \u00e0 l\u2019ordinateur.<\/div>\n\t\t\t\t\t\t\t\t\t\t\t<\/div><div class=\"mission_body_content_part single_content_part mt-3\">\n\t\t\t\t\t\t\t\t\t\t\t\t<h3>Type de b&eacute;n&eacute;ficiaires<\/h3>\n\t\t\t\t\t\t\t\t\t\t\t\t<div>Elle profitera directement \u00e0 07 personnes, dont 04 femmes constituant le personnel technique d\u2019ECODEV et \u00e0 indirectement \u00e0 plus de 400 personnes dont 150 femmes regroup\u00e9es au sein des 10 communaut\u00e9s b\u00e9n\u00e9ficiaires des actions\/interventions d\u2019ECODEV sur le terrain.<\/div>\n\t\t\t\t\t\t\t\t\t\t\t<\/div><div class=\"mission_body_content_part single_content_part mt-3\">\n\t\t\t\t\t\t\t\t\t\t\t\t<h3>Profil des b&eacute;n&eacute;ficiaires<\/h3>\n\t\t\t\t\t\t\t\t\t\t\t\t<div>Le personnel technique d\u2019ECODEV est titulaire d\u2019un niveau minimal de Licence. Pr\u00e9cis\u00e9ment on a : <br \/>\n\uf02d\t01 ing\u00e9nieur forestier et agro-forestier (homme de 46 ans)<br \/>\n\uf02d\t01 master professionnel en gestion participative des ressources foresti\u00e8res (femme de 24 ans)<br \/>\n\uf02d\t02 Masters recherche en droit public (hommes de 25 et 40 ans) <br \/>\n\uf02d\t01 Master 1 (recherche) en d\u00e9veloppement rural int\u00e9gr\u00e9 et vulgarisation agricole (femme de 32 ans)<br \/>\nQuant au personnel financier, on a :<br \/>\n&#8211;\t01 responsable administrative financi\u00e8re (RAF) est titulaire d\u2019une licence professionnelle en comptabilit\u00e9 et finance (femme de 25 ans).<\/div>\n\t\t\t\t\t\t\t\t\t\t\t<\/div>\n\t\t\t\t\t\t\t\t\t\t\t\t\t<div class=\"mission_body_content_part single_content_part mt-3\">\n\t\t\t\t\t\t\t\t\t\t\t\t\t\t<h3>Nombre de volontaires requis<\/h3>\n\t\t\t\t\t\t\t\t\t\t\t\t\t\t<p>1 volontaires<\/p>\n\t\t\t\t\t\t\t\t\t\t\t\t\t<\/div><div class=\"mission_body_content_part single_content_part mt-3\">\n\t\t\t\t\t\t\t\t\t\t\t\t<h3>Motivation attendue<\/h3>\n\t\t\t\t\t\t\t\t\t\t\t\t<p>Bonne connaissance de la comptabilit\u00e9 des associations gr\u00e2ce \u00e0 une utilisation quotidienne. Fort engagement pour la cause environnementale, maitrise des logiciels de comptabilit\u00e9 notamment SAGE I7 .<\/p>\n\t\t\t\t\t\t\t\t\t\t\t<\/div>\t\t<\/div>\n\t\t\t\t\t\t\t\t\t<\/div>\n\t\t\t\t\t\t\t\t<\/div>\n\n\t\t\t\t\t\t\t\t<div class=\"card\">\n\t\t\t\t\t\t\t\t\t<div class=\"card-header\" id=\"MissionPartenaires\">\n\t\t\t\t\t\t\t\t\t\t<h3 class=\"mb-0\" data-toggle=\"collapse\" data-target=\"#collapsePartenaires\" aria-expanded=\"true\" aria-controls=\"collapseOne\">\n\t\t\t\t\t\t\t\t\t\t\t<span class=\"pull-left pr-3\"><i class=\"fas fa-angle-down\"><\/i><\/span> Le partenaire\n\t\t\t\t\t\t\t\t\t\t<\/h3>\n\t\t\t\t\t\t\t\t\t<\/div>\n\t\t\t\t\t\t\t\t\t<div id=\"collapsePartenaires\" class=\"collapse\" aria-labelledby=\"MissionPartenaires\" data-parent=\"#accordionMission\">\n\t\t\t\t\t\t\t\t\t\t<div class=\"card-body\"><div class=\"mission_body_content_part single_content_part mt-3\">\n\t\t\t\t\t\t\t\t\t\t\t\t<h3>Notre partenaire local<\/h3>\n\t\t\t\t\t\t\t\t\t\t\t\t<p>ECODEV (Ecosyst\u00e8mes et D\u00e9veloppement)<\/p>\n\t\t\t\t\t\t\t\t\t\t\t<\/div><div class=\"mission_body_content_part single_content_part mt-3\">\n\t\t\t\t\t\t\t\t\t\t\t\t<h3>Historique<\/h3>\n\t\t\t\t\t\t\t\t\t\t\t\t<p>ECODEV Est une association de droit camerounais cr\u00e9\u00e9e en 2016 par un groupe de jeunes de qualification pluridisciplinaires. Elle a pour mandat de contribuer \u00e0 la pr\u00e9servation des \u00e9cosyst\u00e8mes forestiers, aquatiques et marins et \u00e0 la conservation de la biodiversit\u00e9 ; \u00e0 travers la promotion d\u2019un d\u00e9veloppement durable, \u00e9quitable de la soci\u00e9t\u00e9 et respectueux de l\u2019environnement.<br \/>\nLes th\u00e9matiques actuelles d\u2019intervention sont :<br \/>\n\uf02d\tLa gouvernance des ressources naturelles <br \/>\n\uf02d\tLa r\u00e9silience aux changements climatiques <br \/>\n\uf02d\tL\u2019agriculture durable <br \/>\n\uf02d\tLa gestion participative et responsable<br \/>\n\uf02d\tLa sant\u00e9 communautaire<br \/>\nLa zone actuelle d\u2019intervention d\u2019ECODEV est la partie Nord de la r\u00e9gion du Centre, notamment les d\u00e9partements du Mbam et Kim et de la Haute Sanaga.  En 2022, les actions d\u2019ECODEV touchent environ 1350 b\u00e9n\u00e9ficiaires directs et indirects r\u00e9partis comme suit : <br \/>\n\uf02d\t365 femme environs<br \/>\n\uf02d\t504 jeunes<br \/>\n\uf02d\t270 peuples autochtones Bedzang <br \/>\n\uf02d\t211 hommes. <br \/>\nAfin de contribuer \u00e0 l\u2019am\u00e9lioration des conditions de vies des populations locales et autochtones \u00e0 l\u2019aide des biens et services issus des \u00e9cosyst\u00e8mes durablement g\u00e9r\u00e9s, l&#8217;association a mis en \u0153uvre plusieurs activit\u00e9s parmi les lesquelles:<br \/>\nDepuis sa cr\u00e9ation, ECODEV a mis en \u0153uvre les Activit\u00e9s\/projets ci-dessous  :<br \/>\n&#8211; Phase 1 et 2 du projet int\u00e9grer le suivi communautaire en temps r\u00e9el pour soutenir les moyens de subsistance et les for\u00eats en Afrique Centrale et de l\u2019Ouest (RTM2). ;<br \/>\n&#8211; Phase 1 et 2 du projet de s\u00e9curisation des droits fonciers et forestiers des peuples autochtones Bedzang de Ngamb\u00e9-Tikar;<br \/>\n&#8211; Projet Voix des Citoyens pour le changement\/Observation Ind\u00e9pendante Externe des for\u00eats (en partenariat avec FODER) ; 13 missions effectu\u00e9es depuis Novembre 2018. Elles consistaient \u00e0 mettre \u00e0 la disposition de l\u2019administration foresti\u00e8re des rapports techniques sur des activit\u00e9s d\u2019exploitation ill\u00e9gales des ressources foresti\u00e8res dans les titres forestiers et dans les for\u00eats du domaine national. <br \/>\nEn 2022 les projets suivant sont mis en oeuvre par ECODEV<br \/>\n\uf02d\tProjet de mobilisation des \u00e9l\u00e8ves, enseignants et autres jeunes non scolaris\u00e9s dans la lutte contre la d\u00e9forestation et les changement climatiques autours des aires prot\u00e9g\u00e9es du Mbam et Kim. <br \/>\n\uf02d\tLe projet communaut\u00e9s, femmes rurales, gouvernance foresti\u00e8re et d\u00e9veloppement communautaire en p\u00e9riph\u00e9rie des aires prot\u00e9g\u00e9es de la faune et des autres titres du domaine forestier permanent du Mbam et Kim. <br \/>\n\uf02d\tLa phase de rallonge du projet int\u00e9grer le suivi communautaire en temps r\u00e9el pour soutenir les moyens de subsistance et les for\u00eats en Afrique Centrale et de l\u2019Ouest (RTM2). <br \/>\n\uf02d\tLa participation \u00e0 la mise en \u0153uvre du projet OTP \u2013 OI \u2013 CAM dont l\u2019objectif global est de promouvoir la transparence dans les op\u00e9rations foresti\u00e8res et la l\u00e9galit\u00e9 foresti\u00e8re sur la base de l\u2019APV FLEGT au Cameroun.<\/p>\n\t\t\t\t\t\t\t\t\t\t\t<\/div>\t\t<\/div>\n\t\t\t\t\t\t\t\t\t<\/div>\n\t\t\t\t\t\t\t\t<\/div> \n\n\t\t\t\t\t\t\t\t<div class=\"card\">\n\t\t\t\t\t\t\t\t\t<div class=\"card-header\" id=\"MissionInformations\">\n\t\t\t\t\t\t\t\t\t\t<h3 class=\"mb-0\" data-toggle=\"collapse\" data-target=\"#collapseInformations\" aria-expanded=\"true\" aria-controls=\"collapseOne\">\n\t\t\t\t\t\t\t\t\t\t\t<span class=\"pull-left pr-3\"><i class=\"fas fa-angle-down\"><\/i><\/span> Informations pratiques\n\t\t\t\t\t\t\t\t\t\t<\/h3>\n\t\t\t\t\t\t\t\t\t<\/div>\n\t\t\t\t\t\t\t\t\t<div id=\"collapseInformations\" class=\"collapse\" aria-labelledby=\"MissionInformations\" data-parent=\"#accordionMission\">\n\t\t\t\t\t\t\t\t\t\t<div class=\"card-body\"><div class=\"mission_body_content_part single_content_part mt-3\">\n\t\t\t\t\t\t\t\t\t\t\t\t<h3>Accueil et transfert<\/h3>\n\t\t\t\t\t\t\t\t\t\t\t\t<div>De l\u2019a\u00e9roport \u00e0 Yaound\u00e9 \u00e0 Ntui, il faut compter entre 3 et 5 heures selon l\u2019\u00e9tat de la circulation dans un v\u00e9hicule lou\u00e9 \u00e0 cet effet. Dans la localit\u00e9 de la mission, le volontaire sera log\u00e9 \u00e0 5 minutes du bureau, il pourra se d\u00e9placer \u00e0 pied en toute s\u00e9curit\u00e9 entre le bureau et son logement. Si arriv\u00e9e du vol en soir\u00e9e, le\/la volontaire passera sa premi\u00e8re nuit dans un h\u00f4tel \u00e0 Yaound\u00e9 et prendra la route le lendemain matin pour Ntui (le dimanche).<\/div>\n\t\t\t\t\t\t\t\t\t\t\t<\/div><div class=\"mission_body_content_part single_content_part mt-3\">\n\t\t\t\t\t\t\t\t\t\t\t\t<h3>A\u00e9roport d&#8217;arriv\u00e9e<\/h3>\n\t\t\t\t\t\t\t\t\t\t\t\t<div>A\u00e9roport international de Yaound\u00e9 &#8211; Nsimalen<\/div>\n\t\t\t\t\t\t\t\t\t\t\t<\/div><div class=\"mission_body_content_part single_content_part mt-3\">\n\t\t\t\t\t\t\t\t\t\t\t\t<h3>H\u00e9bergement<\/h3>\n\t\t\t\t\t\t\t\t\t\t\t\t<div>Le lieu de logement du volontaire sera l\u2019h\u00f4tel MEGA PALACE qui vient d\u2019\u00eatre construit et qui b\u00e9n\u00e9ficie de bonnes conditions d\u2019h\u00e9bergement en termes de confort et de s\u00e9curit\u00e9. Cet h\u00f4tel dispose de chambres climatis\u00e9es ou ventil\u00e9es, avec des toilettes priv\u00e9es. Il y a l\u2019eau courante. Pour la lumi\u00e8re, l\u2019\u00e9lectricit\u00e9 est publique et lors des d\u00e9lestages, l\u2019h\u00f4tel dispose d\u2019un groupe \u00e9lectrog\u00e8ne.<\/div>\n\t\t\t\t\t\t\t\t\t\t\t<\/div><div class=\"mission_body_content_part single_content_part mt-3\">\n\t\t\t\t\t\t\t\t\t\t\t\t<h3>Mat\u00e9riel disponible sur place<\/h3>\n\t\t\t\t\t\t\t\t\t\t\t\t<div>03 ordinateurs portables, Tableau blanc + marqueurs, papiers<\/div>\n\t\t\t\t\t\t\t\t\t\t\t<\/div>\t\t<\/div>\n\t\t\t\t\t\t\t\t\t<\/div>\n\t\t\t\t\t\t\t\t<\/div> \n\n\t\t\t\t\t\t<\/div>\n\t\t\t\t\t\t                \n\t\t\t\t\t\t<p class=\"postuler red-button d-sm-none\">\n\t\t\t\t\t\t\t\t\t<a href=\"https:\/\/planete-urgence.org\/postuler\/?refmission=CM3SC2\" class=\"d-sm-none w-100\">Je postule<\/a>\n\t\t\t\t\t\t<\/p>\n                \n\t\t\t\t\t<\/div>\n\n\t\t\t\t\t<div class=\"col-12 col-sm-4 mission_body_right order-1 order-sm-2 px-0 px-sm-3\">\n\n\t\t\t\t\t\t<div class=\"mission_body_right_inner\">\n                        \n                        \t<p class=\"postuler red-button mn-3\">\n                            \t<a href=\"https:\/\/planete-urgence.org\/postuler\/?refmission=CM3SC2\" class=\"w-100\">Je postule<\/a>\n                            <\/p>\n                            \n                            <div class=\"mission_body_right_inner_first\">\n                            \n                                <p class=\"mb-2\" style=\"padding-left: 55px;\"><span>Code mission : <\/span>CM3SC2<\/p>\n                                <p class=\"mb-2 missionrightpicto\"><img decoding=\"async\" src=\"https:\/\/planete-urgence.org\/wp-content\/uploads\/2023\/06\/picto_partenaire.png\" class=\"alignleft mb-3\" \/><span>Partenaire :<\/span><br \/>ECODEV (Ecosyst\u00e8mes et D\u00e9veloppement)<\/p>\n                                <p class=\"mb-2 missionrightpicto\"><img decoding=\"async\" src=\"https:\/\/planete-urgence.org\/wp-content\/uploads\/2023\/06\/picto_localisation.png\" class=\"alignleft mb-3\" \/><span>Localisation :<\/span><br \/>Cameroun, Afrique de l&#8217;Ouest, Ntui<\/p>\n\t\t\t\t\t\t\t\t<div class=\"mb-2 missionrightpicto\"><img decoding=\"async\" src=\"https:\/\/planete-urgence.org\/wp-content\/uploads\/2023\/06\/picto_langues.png\" class=\"alignleft mb-3\" \/><span>Langues :<\/span><p class=\"mb-1\"><b class=\"lang\">Francais<\/b><\/p><\/div>\n                                <p class=\"mb-2 missionrightpicto\"><img decoding=\"async\" src=\"https:\/\/planete-urgence.org\/wp-content\/uploads\/2023\/06\/picto_intervention.png\" class=\"alignleft mb-3\" \/><span>Type d&#8217;intervention :<\/span><br \/>Formation pour adultes<\/p><p class=\"mb-2 missionrightpicto\"><img decoding=\"async\" src=\"https:\/\/planete-urgence.org\/wp-content\/uploads\/2023\/06\/picto_competences.png\" class=\"alignleft mb-3\" \/><span>Comp\u00e9tences :<\/span><br \/>Management des organisations<\/p><p class=\"mb-2 missionrightpicto\"><img decoding=\"async\" src=\"https:\/\/planete-urgence.org\/wp-content\/uploads\/2023\/06\/picto_dispositifs.png\" class=\"alignleft mb-3\" \/><span>Dispositif(s) possible(s) :<\/span><br \/>\n\t\t\t\t\t\t\t\t\t\t<a href=\"https:\/\/planete-urgence.org\/nos-dispositifs-de-volontariat\/le-conge-solidaire\/\">Cong\u00e9 Solidaire<\/a>, <a href=\"https:\/\/planete-urgence.org\/nos-dispositifs-de-volontariat\/mission-solidaire\/\">Mission Solidaire<\/a>\n\t\t\t\t\t\t\t\t\t<\/p><p class=\"mb-2 missionrightpicto\"><img decoding=\"async\" src=\"https:\/\/planete-urgence.org\/wp-content\/uploads\/2023\/06\/picto_duree.png\" class=\"alignleft mb-3\" \/><span>Dur\u00e9e :<\/span><br \/>2 semaines<\/p><p class=\"mb-2 missionrightpicto\"><img decoding=\"async\" src=\"https:\/\/planete-urgence.org\/wp-content\/uploads\/2023\/06\/picto_dates.png\" class=\"alignleft mb-3\" \/><span>Mission disponible toute l&#8217;ann\u00e9e<\/span><\/p><\/div>\n\t\t\t\t\t\t\t<p class=\"postuler red-button mt-3\">\n                            \t<a href=\"https:\/\/planete-urgence.org\/es\/misiones-de-voluntariado\/\">Nos missions<\/a>\n                            <\/p>\n                            \n                            <div class=\"mission_body_right_socialsharing\">\n                            \n                            \n                            <\/div>\n                        \n                        <\/div>\n                \n\t\t\t\t\t<\/div>\n\t\t\t\t\t\n\t\t\t\t<\/div>\n\n\t\t<\/div>\n\t\t<\/div>\n\n\t<\/section>\n\n<style>\n\n.missionrightpicto { min-height: 50px; }\n\n<\/style>\n\n<script type=\"text\/javascript\">\n\n\tjQuery(document).ready(function() {\n\n\t\tjQuery('.collapse.show').each(function(){\n\t\t\tjQuery(this).prev('.card-header').find('.fas').addClass('fa-angle-down').removeClass('fa-plus');\n\t\t});\n\t\t\n\t\tjQuery('.collapse').on('show.bs.collapse', function(){\n\t\t\tjQuery(this).prev('.card-header').find('.fas').removeClass('fa-angle-down').addClass('fa-angle-up');\n\t\t}).on('hide.bs.collapse', function(){\n\t\t\tjQuery(this).prev('.card-header').find('.fas').removeClass('fa-angle-up').addClass('fa-angle-down');\n\t\t});\n\t\t\n\t\t\n\t\t\n\t\n\t});\n\n\n<\/script>\n\n  <\/div>\n\n <\/div>\n<\/div>\n","protected":false},"featured_media":40498,"template":"","class_list":["post-39009","mission","type-mission","status-publish","has-post-thumbnail","hentry"],"acf":[],"yoast_head":"<!-- This site is optimized with the Yoast SEO plugin v27.5 - https:\/\/yoast.com\/product\/yoast-seo-wordpress\/ -->\n<title>Formation en comptabilit\u00e9 des associations. - Plan\u00e8te Urgence<\/title>\n<meta name=\"robots\" content=\"index, follow, max-snippet:-1, max-image-preview:large, max-video-preview:-1\" \/>\n<link rel=\"canonical\" href=\"https:\/\/planete-urgence.org\/es\/mission\/formation-en-comptabilite-des-associations\/\" \/>\n<meta property=\"og:locale\" content=\"es_ES\" \/>\n<meta property=\"og:type\" content=\"article\" \/>\n<meta property=\"og:title\" content=\"Formation en comptabilit\u00e9 des associations. - Plan\u00e8te Urgence\" \/>\n<meta property=\"og:url\" content=\"https:\/\/planete-urgence.org\/es\/mission\/formation-en-comptabilite-des-associations\/\" \/>\n<meta property=\"og:site_name\" content=\"Plan\u00e8te Urgence\" \/>\n<meta property=\"article:publisher\" content=\"https:\/\/www.facebook.com\/planete.urgence\/\" \/>\n<meta property=\"article:modified_time\" content=\"2026-04-30T09:54:58+00:00\" \/>\n<meta property=\"og:image\" content=\"https:\/\/planete-urgence.org\/wp-content\/uploads\/2024\/04\/formation-en-comptabilite-des-associations-CM3SC2.jpg\" \/>\n\t<meta property=\"og:image:width\" content=\"1080\" \/>\n\t<meta property=\"og:image:height\" content=\"600\" \/>\n\t<meta property=\"og:image:type\" content=\"image\/jpeg\" \/>\n<meta name=\"twitter:card\" content=\"summary_large_image\" \/>\n<meta name=\"twitter:site\" content=\"@PlaneteUrgence\" \/>\n<meta name=\"twitter:label1\" content=\"Tiempo de lectura\" \/>\n\t<meta name=\"twitter:data1\" content=\"8 minutos\" \/>\n<script type=\"application\/ld+json\" class=\"yoast-schema-graph\">{\"@context\":\"https:\\\/\\\/schema.org\",\"@graph\":[{\"@type\":\"WebPage\",\"@id\":\"https:\\\/\\\/planete-urgence.org\\\/es\\\/mission\\\/formation-en-comptabilite-des-associations\\\/\",\"url\":\"https:\\\/\\\/planete-urgence.org\\\/es\\\/mission\\\/formation-en-comptabilite-des-associations\\\/\",\"name\":\"Formation en comptabilit\u00e9 des associations. - Plan\u00e8te Urgence\",\"isPartOf\":{\"@id\":\"https:\\\/\\\/planete-urgence.org\\\/es\\\/#website\"},\"primaryImageOfPage\":{\"@id\":\"https:\\\/\\\/planete-urgence.org\\\/es\\\/mission\\\/formation-en-comptabilite-des-associations\\\/#primaryimage\"},\"image\":{\"@id\":\"https:\\\/\\\/planete-urgence.org\\\/es\\\/mission\\\/formation-en-comptabilite-des-associations\\\/#primaryimage\"},\"thumbnailUrl\":\"https:\\\/\\\/planete-urgence.org\\\/wp-content\\\/uploads\\\/2024\\\/04\\\/formation-en-comptabilite-des-associations-CM3SC2.jpg\",\"datePublished\":\"2024-04-25T23:05:11+00:00\",\"dateModified\":\"2026-04-30T09:54:58+00:00\",\"breadcrumb\":{\"@id\":\"https:\\\/\\\/planete-urgence.org\\\/es\\\/mission\\\/formation-en-comptabilite-des-associations\\\/#breadcrumb\"},\"inLanguage\":\"es\",\"potentialAction\":[{\"@type\":\"ReadAction\",\"target\":[\"https:\\\/\\\/planete-urgence.org\\\/es\\\/mission\\\/formation-en-comptabilite-des-associations\\\/\"]}]},{\"@type\":\"ImageObject\",\"inLanguage\":\"es\",\"@id\":\"https:\\\/\\\/planete-urgence.org\\\/es\\\/mission\\\/formation-en-comptabilite-des-associations\\\/#primaryimage\",\"url\":\"https:\\\/\\\/planete-urgence.org\\\/wp-content\\\/uploads\\\/2024\\\/04\\\/formation-en-comptabilite-des-associations-CM3SC2.jpg\",\"contentUrl\":\"https:\\\/\\\/planete-urgence.org\\\/wp-content\\\/uploads\\\/2024\\\/04\\\/formation-en-comptabilite-des-associations-CM3SC2.jpg\",\"width\":1080,\"height\":600},{\"@type\":\"BreadcrumbList\",\"@id\":\"https:\\\/\\\/planete-urgence.org\\\/es\\\/mission\\\/formation-en-comptabilite-des-associations\\\/#breadcrumb\",\"itemListElement\":[{\"@type\":\"ListItem\",\"position\":1,\"name\":\"Accueil\",\"item\":\"https:\\\/\\\/planete-urgence.org\\\/es\\\/\"},{\"@type\":\"ListItem\",\"position\":2,\"name\":\"Missions\",\"item\":\"https:\\\/\\\/planete-urgence.org\\\/es\\\/mission\\\/\"},{\"@type\":\"ListItem\",\"position\":3,\"name\":\"Formation en comptabilit\u00e9 des associations.\"}]},{\"@type\":\"WebSite\",\"@id\":\"https:\\\/\\\/planete-urgence.org\\\/es\\\/#website\",\"url\":\"https:\\\/\\\/planete-urgence.org\\\/es\\\/\",\"name\":\"Plan\u00e8te Urgence\",\"description\":\"Volontariat &amp; d\u00e9veloppement\",\"publisher\":{\"@id\":\"https:\\\/\\\/planete-urgence.org\\\/es\\\/#organization\"},\"potentialAction\":[{\"@type\":\"SearchAction\",\"target\":{\"@type\":\"EntryPoint\",\"urlTemplate\":\"https:\\\/\\\/planete-urgence.org\\\/es\\\/?s={search_term_string}\"},\"query-input\":{\"@type\":\"PropertyValueSpecification\",\"valueRequired\":true,\"valueName\":\"search_term_string\"}}],\"inLanguage\":\"es\"},{\"@type\":\"Organization\",\"@id\":\"https:\\\/\\\/planete-urgence.org\\\/es\\\/#organization\",\"name\":\"Plan\u00e8te Urgence\",\"url\":\"https:\\\/\\\/planete-urgence.org\\\/es\\\/\",\"logo\":{\"@type\":\"ImageObject\",\"inLanguage\":\"es\",\"@id\":\"https:\\\/\\\/planete-urgence.org\\\/es\\\/#\\\/schema\\\/logo\\\/image\\\/\",\"url\":\"https:\\\/\\\/planete-urgence.org\\\/wp-content\\\/uploads\\\/2021\\\/03\\\/logo-pu.png\",\"contentUrl\":\"https:\\\/\\\/planete-urgence.org\\\/wp-content\\\/uploads\\\/2021\\\/03\\\/logo-pu.png\",\"width\":187,\"height\":120,\"caption\":\"Plan\u00e8te Urgence\"},\"image\":{\"@id\":\"https:\\\/\\\/planete-urgence.org\\\/es\\\/#\\\/schema\\\/logo\\\/image\\\/\"},\"sameAs\":[\"https:\\\/\\\/www.facebook.com\\\/planete.urgence\\\/\",\"https:\\\/\\\/x.com\\\/PlaneteUrgence\"]}]}<\/script>\n<!-- \/ Yoast SEO plugin. -->","yoast_head_json":{"title":"Formation en comptabilit\u00e9 des associations. - Plan\u00e8te Urgence","robots":{"index":"index","follow":"follow","max-snippet":"max-snippet:-1","max-image-preview":"max-image-preview:large","max-video-preview":"max-video-preview:-1"},"canonical":"https:\/\/planete-urgence.org\/es\/mission\/formation-en-comptabilite-des-associations\/","og_locale":"es_ES","og_type":"article","og_title":"Formation en comptabilit\u00e9 des associations. - Plan\u00e8te Urgence","og_url":"https:\/\/planete-urgence.org\/es\/mission\/formation-en-comptabilite-des-associations\/","og_site_name":"Plan\u00e8te Urgence","article_publisher":"https:\/\/www.facebook.com\/planete.urgence\/","article_modified_time":"2026-04-30T09:54:58+00:00","og_image":[{"width":1080,"height":600,"url":"https:\/\/planete-urgence.org\/wp-content\/uploads\/2024\/04\/formation-en-comptabilite-des-associations-CM3SC2.jpg","type":"image\/jpeg"}],"twitter_card":"summary_large_image","twitter_site":"@PlaneteUrgence","twitter_misc":{"Tiempo de lectura":"8 minutos"},"schema":{"@context":"https:\/\/schema.org","@graph":[{"@type":"WebPage","@id":"https:\/\/planete-urgence.org\/es\/mission\/formation-en-comptabilite-des-associations\/","url":"https:\/\/planete-urgence.org\/es\/mission\/formation-en-comptabilite-des-associations\/","name":"Formation en comptabilit\u00e9 des associations. - Plan\u00e8te Urgence","isPartOf":{"@id":"https:\/\/planete-urgence.org\/es\/#website"},"primaryImageOfPage":{"@id":"https:\/\/planete-urgence.org\/es\/mission\/formation-en-comptabilite-des-associations\/#primaryimage"},"image":{"@id":"https:\/\/planete-urgence.org\/es\/mission\/formation-en-comptabilite-des-associations\/#primaryimage"},"thumbnailUrl":"https:\/\/planete-urgence.org\/wp-content\/uploads\/2024\/04\/formation-en-comptabilite-des-associations-CM3SC2.jpg","datePublished":"2024-04-25T23:05:11+00:00","dateModified":"2026-04-30T09:54:58+00:00","breadcrumb":{"@id":"https:\/\/planete-urgence.org\/es\/mission\/formation-en-comptabilite-des-associations\/#breadcrumb"},"inLanguage":"es","potentialAction":[{"@type":"ReadAction","target":["https:\/\/planete-urgence.org\/es\/mission\/formation-en-comptabilite-des-associations\/"]}]},{"@type":"ImageObject","inLanguage":"es","@id":"https:\/\/planete-urgence.org\/es\/mission\/formation-en-comptabilite-des-associations\/#primaryimage","url":"https:\/\/planete-urgence.org\/wp-content\/uploads\/2024\/04\/formation-en-comptabilite-des-associations-CM3SC2.jpg","contentUrl":"https:\/\/planete-urgence.org\/wp-content\/uploads\/2024\/04\/formation-en-comptabilite-des-associations-CM3SC2.jpg","width":1080,"height":600},{"@type":"BreadcrumbList","@id":"https:\/\/planete-urgence.org\/es\/mission\/formation-en-comptabilite-des-associations\/#breadcrumb","itemListElement":[{"@type":"ListItem","position":1,"name":"Accueil","item":"https:\/\/planete-urgence.org\/es\/"},{"@type":"ListItem","position":2,"name":"Missions","item":"https:\/\/planete-urgence.org\/es\/mission\/"},{"@type":"ListItem","position":3,"name":"Formation en comptabilit\u00e9 des associations."}]},{"@type":"WebSite","@id":"https:\/\/planete-urgence.org\/es\/#website","url":"https:\/\/planete-urgence.org\/es\/","name":"Plan\u00e8te Urgence","description":"Volontariat &amp; d\u00e9veloppement","publisher":{"@id":"https:\/\/planete-urgence.org\/es\/#organization"},"potentialAction":[{"@type":"SearchAction","target":{"@type":"EntryPoint","urlTemplate":"https:\/\/planete-urgence.org\/es\/?s={search_term_string}"},"query-input":{"@type":"PropertyValueSpecification","valueRequired":true,"valueName":"search_term_string"}}],"inLanguage":"es"},{"@type":"Organization","@id":"https:\/\/planete-urgence.org\/es\/#organization","name":"Plan\u00e8te Urgence","url":"https:\/\/planete-urgence.org\/es\/","logo":{"@type":"ImageObject","inLanguage":"es","@id":"https:\/\/planete-urgence.org\/es\/#\/schema\/logo\/image\/","url":"https:\/\/planete-urgence.org\/wp-content\/uploads\/2021\/03\/logo-pu.png","contentUrl":"https:\/\/planete-urgence.org\/wp-content\/uploads\/2021\/03\/logo-pu.png","width":187,"height":120,"caption":"Plan\u00e8te Urgence"},"image":{"@id":"https:\/\/planete-urgence.org\/es\/#\/schema\/logo\/image\/"},"sameAs":["https:\/\/www.facebook.com\/planete.urgence\/","https:\/\/x.com\/PlaneteUrgence"]}]}},"_links":{"self":[{"href":"https:\/\/planete-urgence.org\/es\/wp-json\/wp\/v2\/mission\/39009","targetHints":{"allow":["GET"]}}],"collection":[{"href":"https:\/\/planete-urgence.org\/es\/wp-json\/wp\/v2\/mission"}],"about":[{"href":"https:\/\/planete-urgence.org\/es\/wp-json\/wp\/v2\/types\/mission"}],"wp:featuredmedia":[{"embeddable":true,"href":"https:\/\/planete-urgence.org\/es\/wp-json\/wp\/v2\/media\/40498"}],"wp:attachment":[{"href":"https:\/\/planete-urgence.org\/es\/wp-json\/wp\/v2\/media?parent=39009"}],"curies":[{"name":"wp","href":"https:\/\/api.w.org\/{rel}","templated":true}]}}