{"id":10014,"date":"2022-09-23T22:39:56","date_gmt":"2022-09-23T20:39:56","guid":{"rendered":"https:\/\/planete-urgence.org\/?post_type=mission&#038;p=10014"},"modified":"2026-04-30T11:54:58","modified_gmt":"2026-04-30T09:54:58","slug":"8-b-pulse-senegal-participer-a-la-sensibilisation-a-la-solidarite-internationale-2022-2025","status":"publish","type":"mission","link":"https:\/\/planete-urgence.org\/es\/mission\/8-b-pulse-senegal-participer-a-la-sensibilisation-a-la-solidarite-internationale-2022-2025\/","title":{"rendered":"2022\/2025 &#8211; 8.B &#8211; PULSE SENEGAL &#8211; Participer \u00e0 la sensibilisation \u00e0 la Solidarit\u00e9 Internationale"},"content":{"rendered":"<div id=\"field_62b4befa13dbd\" class=\"container-fluid px-0 flexible_section block_innertemplate\">\n <div id=\"field_62b4befa13dbd_inner\" class=\"container flexible_section_inner\">\n\n   <div class=\"row flexible_section_content\">\n\n\n\n\t<section id=\"primary\" class=\"container content-area mainsinglemission\">\n\t\t<div id=\"main\" class=\"site-main\" role=\"main\">\n\n\t\t\t<div id=\"singlemission\">\n\n\t\t\t\t<div class=\"row mission_header bg-white pt-3\"><div id=\"more_mission\" class=\"col-12 text-right w-100 pt-3 pr-3\"><a href=\"https:\/\/planete-urgence.org\/es\/misiones-de-voluntariado\/\">Nos missions<\/a><\/div>\n            \t\n\t\t\t\t\t<div id=\"mission_header_title\" class=\"col-12 px-3 pb-3\">\t\n            \n\t\t\t\t\t\t<h1>2022\/2025 &#8211; 8.B &#8211; PULSE SENEGAL &#8211; Participer \u00e0 la sensibilisation \u00e0 la Solidarit\u00e9 Internationale<\/h1>\n                \n\t\t\t\t\t<\/div>\n\n\t\t\t\t<\/div>\t\n            \n\t\t\t\t<div class=\"row mission_body my-5 pb-5\">\n\n\t\t\t\t\t<div class=\"col-12 col-sm-8 projetenvironnement_body_left order-2 order-sm-1\"><div class=\"mission_body_content_part single_content_part mt-3\">\n\t\t\t\t\t\t\t\t<div>Financ\u00e9 par la D\u00e9l\u00e9gation de l\u2019Union Europ\u00e9enne<br \/>\nau S\u00e9n\u00e9gal, le projet \u201cAcc\u00e8s \u00e0 la Formation et \u00e0<br \/>\nl\u2019Entrepreneuriat des jeunes en Casamance\u201d a<br \/>\npour objectif d\u2019augmenter le nombre<br \/>\nd\u2019opportunit\u00e9s d\u2019emplois pour les jeunes de 15 \u00e0<br \/>\n30 ans en Casamance en renfor\u00e7ant leur acc\u00e8s \u00e0<br \/>\nla formation, \u00e0 l\u2019apprentissage et \u00e0 la cr\u00e9ation<br \/>\nd\u2019entreprises.<br \/>\nDans le cadre de ce projet, en avril 2021<br \/>\nl\u2019incubateur J\u00f3gj\u00ebf a \u00e9t\u00e9 cr\u00e9\u00e9 par Futur au<br \/>\nPr\u00e9sent International, PULSE et l\u2019Universit\u00e9<br \/>\nvirtuelle du S\u00e9n\u00e9gal, et vise \u00e0 accueillir et \u00e0<br \/>\naccompagner des jeunes porteurs de projets \u00e0<br \/>\nimpact social et environnemental. Situ\u00e9 dans les<br \/>\nlocaux de l\u2019UVS \u00e0 Yamatogne (Ziguinchor), ce<br \/>\nlieu a pour principaux objectifs d\u2019orienter, de<br \/>\nformer et de mettre en r\u00e9seau des<br \/>\nentrepreneur.e.s r\u00e9sidant en Casamance. Quel<br \/>\nque soit leur parcours personnel, acad\u00e9mique ou<br \/>\nprofessionnel, les jeunes sont tous les<br \/>\nbienvenu.e.s pour venir concr\u00e9tiser leurs projets<\/div>\n\t\t\t\t\t\t\t<\/div>\n\n\t\t\t\t\t\t\t<div class=\"accordion mt-3 mb-3\" id=\"accordionMission\">\n\n\t\t\t\t\t\t\t\t<div class=\"card\">\n\t\t\t\t\t\t\t\t\t<div class=\"card-header\" id=\"MissionDescription\">\n\t\t\t\t\t\t\t\t\t\t<h3 class=\"mb-0\" data-toggle=\"collapse\" data-target=\"#collapseDescription\" aria-expanded=\"true\" aria-controls=\"collapseOne\">\n\t\t\t\t\t\t\t\t\t\t\t<span class=\"pull-left pr-3\"><i class=\"fas fa-angle-down\"><\/i><\/span> Description\n\t\t\t\t\t\t\t\t\t\t<\/h3>\n\t\t\t\t\t\t\t\t\t<\/div>\n\t\t\t\t\t\t\t\t\t<div id=\"collapseDescription\" class=\"collapse\" aria-labelledby=\"MissionDescription\" data-parent=\"#accordionMission\">\n\t\t\t\t\t\t\t\t\t\t<div class=\"card-body\"><div class=\"mission_body_content_part single_content_part mt-3\">\n\t\t\t\t\t\t\t\t\t\t\t\t<h3>Objectifs<\/h3>\n\t\t\t\t\t\t\t\t\t\t\t\t<div>La mission sera d\u2019assister le Responsable<br \/>\nAccompagnement dans le d\u00e9ploiement du<br \/>\nprogramme J\u00ebfimpact. Le volontaire de service<br \/>\ncivique aura pour mission de :<br \/>\n&#8211; Appuyer l\u2019accompagnement individuel et<br \/>\ncollectif des incub\u00e9s<br \/>\n&#8211; Participer aux activit\u00e9s de l\u2019incubateur<br \/>\n(sensibilisations, id\u00e9ation et<br \/>\n\u00e9v\u00e9nements)<br \/>\n&#8211; R\u00e9daction des outils de capitalisation<br \/>\n<br \/>\nObjectifs sp\u00e9cifiques :<br \/>\n&#8211; Assurer le bon d\u00e9ploiement du<br \/>\nprogramme J\u00ebfimpact au sein de<br \/>\nl\u2019incubateur J\u00f3gj\u00ebf<br \/>\nDans un contexte de ch\u00f4mage au sein de la<br \/>\nr\u00e9gion de la Casamance, au sud du S\u00e9n\u00e9gal, les<br \/>\nstructures PULSE, Futur au Pr\u00e9sent et<br \/>\nl\u2019Universit\u00e9 Virtuelle du S\u00e9n\u00e9gal ont mont\u00e9<br \/>\nensemble l\u2019incubateur J\u00f3gj\u00ebf ! Cet endroit<br \/>\npermet aux jeunes porteurs de projet \u00e0 impact<br \/>\nsocial et environnemental qui ont entre 18 et 30<br \/>\nans d\u2019\u00eatre accompagn\u00e9 et form\u00e9 pendant 6<br \/>\nmois. \u00c9galement, il est possible que le jeune ait<br \/>\nacc\u00e8s \u00e0 un accompagnement au financement sur<br \/>\n3 mois suppl\u00e9mentaires. Nous aimerions avoir<br \/>\nl\u2019appui d\u2019un Volontaire de Service Civique, pour<br \/>\n\u00eatre soutenu et former un jeune qui aimerait<br \/>\nd\u00e9couvrir dans un contexte interculturel l\u2019entrepreneuriat \u00e0 impact social ! La mission<br \/>\npermettrait r\u00e9ellement d\u2019avoir une valeur<br \/>\najout\u00e9e, un oeil neuf sur l\u2019accompagnement et le r\u00e9seau des incub\u00e9s<\/div>\n\t\t\t\t\t\t\t\t\t\t\t<\/div><div class=\"mission_body_content_part single_content_part mt-3\">\n\t\t\t\t\t\t\t\t\t\t\t\t<h3>Intervention attendue du volontaire<\/h3>\n\t\t\t\t\t\t\t\t\t\t\t\t<div>&#8211; Appuyer l\u2019accompagnement individuel :<br \/>\nparticipation \u00e0 l\u2019organisation, \u00e0 la prise<br \/>\nde notes et le suivi des rendez-vous<br \/>\nindividuels<br \/>\n&#8211; Appuyer l&#8217;organisation des formations<br \/>\nen termes logistiques<br \/>\n&#8211; R\u00e9daction des outils de capitalisation<br \/>\ntels que les rapports de formation,<br \/>\nrapports d\u2019\u00e9v\u00e9nements, etc.<br \/>\n&#8211; R\u00e9aliser de la veille d\u2019opportunit\u00e9s et<br \/>\nd\u2019informations pour les projets incub\u00e9s<br \/>\ntels que les appels \u00e0 projets locaux,<br \/>\ninformations, rencontres, \u00e9v\u00e9nements,<br \/>\netc.<br \/>\n&#8211; Participer \u00e0 l\u2019animation des s\u00e9ances<br \/>\nd\u2019id\u00e9ation aupr\u00e8s de jeunes en situation<br \/>\nde vuln\u00e9rabilit\u00e9 accompagn\u00e9s par Futur<br \/>\nau Pr\u00e9sent<br \/>\n&#8211; Participer aux sensibilisations portant<br \/>\nsur l\u2019appel \u00e0 candidatures et sur ce<br \/>\nqu\u2019est l\u2019entrepreneuriat \u00e0 impact social<br \/>\net environnemental<br \/>\n&#8211; Appuyer l\u2019\u00e9quipe, au besoin, en fonction des activit\u00e9s du projet<\/div>\n\t\t\t\t\t\t\t\t\t\t\t<\/div><div class=\"mission_body_content_part single_content_part mt-3\">\n\t\t\t\t\t\t\t\t\t\t\t\t<h3>Remarque(s)<\/h3>\n\t\t\t\t\t\t\t\t\t\t\t\t<div>Equipe : 3 personnes composent l\u2019\u00e9quipe : une<br \/>\nResponsable de l\u2019Incubateur, un Responsable<br \/>\nAccompagnement et un Charg\u00e9 d\u2019Animation et de<br \/>\nCommunication<br \/>\n<br \/>\nTuteur : Renaud Elise, Responsable Incubation<br \/>\nElise.renaud@GROUPE-SOS.org<br \/>\n+221 77 282 86 89<br \/>\n<br \/>\nHoraires : 8h30-17h30 sont les horaires de l&#8217;\u00e9quipe. <br \/>\n<br \/>\nPas de visa mais demande de prolongation de<br \/>\ns\u00e9jour apr\u00e8s 3 mois si pas sorti du territoire<br \/>\nS\u00e9n\u00e9galais.<\/div>\n\t\t\t\t\t\t\t\t\t\t\t<\/div><div class=\"mission_body_content_part single_content_part mt-3\">\n\t\t\t\t\t\t\t\t\t\t\t\t<h3>Type de b&eacute;n&eacute;ficiaires<\/h3>\n\t\t\t\t\t\t\t\t\t\t\t\t<div>Adultes de 18 \u00e0 30 ans<\/div>\n\t\t\t\t\t\t\t\t\t\t\t<\/div><div class=\"mission_body_content_part single_content_part mt-3\">\n\t\t\t\t\t\t\t\t\t\t\t\t<h3>Profil des b&eacute;n&eacute;ficiaires<\/h3>\n\t\t\t\t\t\t\t\t\t\t\t\t<div>Jeunes ayant un projet \u00e0 impact social et<br \/>\nenvironnemental entre 18 et 30 ans.<br \/>\nPas d\u2019attendus scolaires<br \/>\nVivant dans la R\u00e9gion de Ziguinchor ou de Kolda<\/div>\n\t\t\t\t\t\t\t\t\t\t\t<\/div>\n\t\t\t\t\t\t\t\t\t\t\t\t\t<div class=\"mission_body_content_part single_content_part mt-3\">\n\t\t\t\t\t\t\t\t\t\t\t\t\t\t<h3>Nombre de volontaires requis<\/h3>\n\t\t\t\t\t\t\t\t\t\t\t\t\t\t<p>1 volontaires<\/p>\n\t\t\t\t\t\t\t\t\t\t\t\t\t<\/div>\t\t<\/div>\n\t\t\t\t\t\t\t\t\t<\/div>\n\t\t\t\t\t\t\t\t<\/div>\n\n\t\t\t\t\t\t\t\t<div class=\"card\">\n\t\t\t\t\t\t\t\t\t<div class=\"card-header\" id=\"MissionPartenaires\">\n\t\t\t\t\t\t\t\t\t\t<h3 class=\"mb-0\" data-toggle=\"collapse\" data-target=\"#collapsePartenaires\" aria-expanded=\"true\" aria-controls=\"collapseOne\">\n\t\t\t\t\t\t\t\t\t\t\t<span class=\"pull-left pr-3\"><i class=\"fas fa-angle-down\"><\/i><\/span> Le partenaire\n\t\t\t\t\t\t\t\t\t\t<\/h3>\n\t\t\t\t\t\t\t\t\t<\/div>\n\t\t\t\t\t\t\t\t\t<div id=\"collapsePartenaires\" class=\"collapse\" aria-labelledby=\"MissionPartenaires\" data-parent=\"#accordionMission\">\n\t\t\t\t\t\t\t\t\t\t<div class=\"card-body\"><div class=\"mission_body_content_part single_content_part mt-3\">\n\t\t\t\t\t\t\t\t\t\t\t\t<h3>Notre partenaire local<\/h3>\n\t\t\t\t\t\t\t\t\t\t\t\t<p>Groupe SOS PULSE S\u00e9n\u00e9gal<\/p>\n\t\t\t\t\t\t\t\t\t\t\t<\/div><div class=\"mission_body_content_part single_content_part mt-3\">\n\t\t\t\t\t\t\t\t\t\t\t\t<h3>Historique<\/h3>\n\t\t\t\t\t\t\t\t\t\t\t\t<p>J\u00f3gJ\u00ebf est un incubateur issu d\u2019un partenariat entre Futur au Pr\u00e9sent International, PULSE et l\u2019Universit\u00e9 virtuelle du S\u00e9n\u00e9gal, visant \u00e0 accueillir et \u00e0 accompagner des jeunes porteurs de projets \u00e0 impact social et environnemental.<br \/>\n<br \/>\nSitu\u00e9 dans les locaux de l\u2019UVS \u00e0 Yamatogne (Ziguinchor), ce lieu a pour principaux objectifs d\u2019orienter, de former et de mettre en r\u00e9seau des entrepreneur.e.s r\u00e9sidant en Casamance. Quel que soit leur parcours personnel, acad\u00e9mique ou professionnel, les jeunes sont tous les bienvenu.e.s pour venir concr\u00e9tiser leurs projets !<\/p>\n\t\t\t\t\t\t\t\t\t\t\t<\/div>\t\t<\/div>\n\t\t\t\t\t\t\t\t\t<\/div>\n\t\t\t\t\t\t\t\t<\/div> \n\n\t\t\t\t\t\t\t\t<div class=\"card\">\n\t\t\t\t\t\t\t\t\t<div class=\"card-header\" id=\"MissionInformations\">\n\t\t\t\t\t\t\t\t\t\t<h3 class=\"mb-0\" data-toggle=\"collapse\" data-target=\"#collapseInformations\" aria-expanded=\"true\" aria-controls=\"collapseOne\">\n\t\t\t\t\t\t\t\t\t\t\t<span class=\"pull-left pr-3\"><i class=\"fas fa-angle-down\"><\/i><\/span> Informations pratiques\n\t\t\t\t\t\t\t\t\t\t<\/h3>\n\t\t\t\t\t\t\t\t\t<\/div>\n\t\t\t\t\t\t\t\t\t<div id=\"collapseInformations\" class=\"collapse\" aria-labelledby=\"MissionInformations\" data-parent=\"#accordionMission\">\n\t\t\t\t\t\t\t\t\t\t<div class=\"card-body\"><div class=\"mission_body_content_part single_content_part mt-3\">\n\t\t\t\t\t\t\t\t\t\t\t\t<h3>Accueil et transfert<\/h3>\n\t\t\t\t\t\t\t\t\t\t\t\t<div>10 minutes \u2013 taxi ou moto jakarta<br \/>\nTaxi (entre 500 et 700 FCFA soit 0,76 et 1,06\u20ac)<br \/>\nou moto jakarta (entre 300 et 500 FCFA soit<br \/>\n0,46 et 0,76\u20ac)<\/div>\n\t\t\t\t\t\t\t\t\t\t\t<\/div><div class=\"mission_body_content_part single_content_part mt-3\">\n\t\t\t\t\t\t\t\t\t\t\t\t<h3>A\u00e9roport d&#8217;arriv\u00e9e<\/h3>\n\t\t\t\t\t\t\t\t\t\t\t\t<div>Ziguinchor<\/div>\n\t\t\t\t\t\t\t\t\t\t\t<\/div><div class=\"mission_body_content_part single_content_part mt-3\">\n\t\t\t\t\t\t\t\t\t\t\t\t<h3>H\u00e9bergement<\/h3>\n\t\t\t\t\t\t\t\t\t\t\t\t<div>L\u2019h\u00e9bergement sera \u00e0 la charge du<br \/>\nvolontaire. Il existe diff\u00e9rents types de<br \/>\nlogements \u00e0 Ziguinchor : une chambre<br \/>\nmeubl\u00e9e ou non dans une colocation (entre<br \/>\n60 000 et 100 000 FCFA soit entre 100 et<br \/>\n150\u20ac), un appartement meubl\u00e9 ou non<br \/>\n(entre 90 000 et 150 000 FCFA soit entre 140 et 230\u20ac)<\/div>\n\t\t\t\t\t\t\t\t\t\t\t<\/div><div class=\"mission_body_content_part single_content_part mt-3\">\n\t\t\t\t\t\t\t\t\t\t\t\t<h3>Mat\u00e9riel disponible sur place<\/h3>\n\t\t\t\t\t\t\t\t\t\t\t\t<div>&#8211; Poste de travail (bureau dans les locaux)<br \/>\n&#8211; Ordinateur<br \/>\n&#8211; Connexion internet<br \/>\n&#8211; Cr\u00e9dit t\u00e9l\u00e9phonique pris en charge \u00e0 15\u20ac<\/div>\n\t\t\t\t\t\t\t\t\t\t\t<\/div>\t\t<\/div>\n\t\t\t\t\t\t\t\t\t<\/div>\n\t\t\t\t\t\t\t\t<\/div> \n\n\t\t\t\t\t\t<\/div>\n\t\t\t\t\t\t                \n\t\t\t\t\t\t<p class=\"postuler red-button d-sm-none\">\n\t\t\t\t\t\t\t\t\t<a href=\"https:\/\/planete-urgence.org\/postuler\/?refmission=SE1MS2\" class=\"d-sm-none w-100\">Je postule<\/a>\n\t\t\t\t\t\t<\/p>\n                \n\t\t\t\t\t<\/div>\n\n\t\t\t\t\t<div class=\"col-12 col-sm-4 mission_body_right order-1 order-sm-2 px-0 px-sm-3\">\n\n\t\t\t\t\t\t<div class=\"mission_body_right_inner\">\n                        \n                        \t<p class=\"postuler red-button mn-3\">\n                            \t<a href=\"https:\/\/planete-urgence.org\/postuler\/?refmission=SE1MS2\" class=\"w-100\">Je postule<\/a>\n                            <\/p>\n                            \n                            <div class=\"mission_body_right_inner_first\">\n                            \n                                <p class=\"mb-2\" style=\"padding-left: 55px;\"><span>Code mission : <\/span>SE1MS2<\/p>\n                                <p class=\"mb-2 missionrightpicto\"><img decoding=\"async\" src=\"https:\/\/planete-urgence.org\/wp-content\/uploads\/2023\/06\/picto_partenaire.png\" class=\"alignleft mb-3\" \/><span>Partenaire :<\/span><br \/>Groupe SOS PULSE S\u00e9n\u00e9gal<\/p>\n                                <p class=\"mb-2 missionrightpicto\"><img decoding=\"async\" src=\"https:\/\/planete-urgence.org\/wp-content\/uploads\/2023\/06\/picto_localisation.png\" class=\"alignleft mb-3\" \/><span>Localisation :<\/span><br \/>S\u00e9n\u00e9gal, Afrique de l&#8217;Ouest, ZIGUINCHOR<\/p>\n\t\t\t\t\t\t\t\t<div class=\"mb-2 missionrightpicto\"><img decoding=\"async\" src=\"https:\/\/planete-urgence.org\/wp-content\/uploads\/2023\/06\/picto_langues.png\" class=\"alignleft mb-3\" \/><span>Langues :<\/span><p class=\"mb-1\"><b class=\"lang\"><\/b><\/p><\/div>\n                                <p class=\"mb-2 missionrightpicto\"><img decoding=\"async\" src=\"https:\/\/planete-urgence.org\/wp-content\/uploads\/2023\/06\/picto_intervention.png\" class=\"alignleft mb-3\" \/><span>Type d&#8217;intervention :<\/span><br \/><\/p><p class=\"mb-2 missionrightpicto\"><img decoding=\"async\" src=\"https:\/\/planete-urgence.org\/wp-content\/uploads\/2023\/06\/picto_competences.png\" class=\"alignleft mb-3\" \/><span>Comp\u00e9tences :<\/span><br \/><\/p><p class=\"mb-2 missionrightpicto\"><img decoding=\"async\" src=\"https:\/\/planete-urgence.org\/wp-content\/uploads\/2023\/06\/picto_dispositifs.png\" class=\"alignleft mb-3\" \/><span>Dispositif(s) possible(s) :<\/span><br \/>\n\t\t\t\t\t\t\t\t\t\tService Civique\n\t\t\t\t\t\t\t\t\t<\/p><p class=\"mb-2 missionrightpicto\"><img decoding=\"async\" src=\"https:\/\/planete-urgence.org\/wp-content\/uploads\/2023\/06\/picto_duree.png\" class=\"alignleft mb-3\" \/><span>Dur\u00e9e :<\/span><br \/>6 mois ou plus<\/p><p class=\"mb-1 missionrightpicto\"><img decoding=\"async\" src=\"https:\/\/planete-urgence.org\/wp-content\/uploads\/2023\/06\/picto_dates.png\" class=\"alignleft mb-3\" \/><span>Dates :<\/span><br \/>Mission disponible toute l&#8217;ann\u00e9e<\/p><\/div>\n\t\t\t\t\t\t\t<p class=\"postuler red-button mt-3\">\n                            \t<a href=\"https:\/\/planete-urgence.org\/es\/misiones-de-voluntariado\/\">Nos missions<\/a>\n                            <\/p>\n                            \n                            <div class=\"mission_body_right_socialsharing\">\n                            \n                            \n                            <\/div>\n                        \n                        <\/div>\n                \n\t\t\t\t\t<\/div>\n\t\t\t\t\t\n\t\t\t\t<\/div>\n\n\t\t<\/div>\n\t\t<\/div>\n\n\t<\/section>\n\n<style>\n\n.missionrightpicto { min-height: 50px; }\n\n<\/style>\n\n<script type=\"text\/javascript\">\n\n\tjQuery(document).ready(function() {\n\n\t\tjQuery('.collapse.show').each(function(){\n\t\t\tjQuery(this).prev('.card-header').find('.fas').addClass('fa-angle-down').removeClass('fa-plus');\n\t\t});\n\t\t\n\t\tjQuery('.collapse').on('show.bs.collapse', function(){\n\t\t\tjQuery(this).prev('.card-header').find('.fas').removeClass('fa-angle-down').addClass('fa-angle-up');\n\t\t}).on('hide.bs.collapse', function(){\n\t\t\tjQuery(this).prev('.card-header').find('.fas').removeClass('fa-angle-up').addClass('fa-angle-down');\n\t\t});\n\t\t\n\t\t\n\t\t\n\t\n\t});\n\n\n<\/script>\n\n  <\/div>\n\n <\/div>\n<\/div>\n","protected":false},"featured_media":0,"template":"","class_list":["post-10014","mission","type-mission","status-publish","hentry"],"acf":[],"yoast_head":"<!-- This site is optimized with the Yoast SEO plugin v27.5 - https:\/\/yoast.com\/product\/yoast-seo-wordpress\/ -->\n<title>2022\/2025 - 8.B - PULSE SENEGAL - Participer \u00e0 la sensibilisation \u00e0 la Solidarit\u00e9 Internationale - Plan\u00e8te Urgence<\/title>\n<meta name=\"robots\" content=\"index, follow, max-snippet:-1, max-image-preview:large, max-video-preview:-1\" \/>\n<link rel=\"canonical\" href=\"https:\/\/planete-urgence.org\/es\/mission\/8-b-pulse-senegal-participer-a-la-sensibilisation-a-la-solidarite-internationale-2022-2025\/\" \/>\n<meta property=\"og:locale\" content=\"es_ES\" \/>\n<meta property=\"og:type\" content=\"article\" \/>\n<meta property=\"og:title\" content=\"2022\/2025 - 8.B - PULSE SENEGAL - Participer \u00e0 la sensibilisation \u00e0 la Solidarit\u00e9 Internationale - Plan\u00e8te Urgence\" \/>\n<meta property=\"og:url\" content=\"https:\/\/planete-urgence.org\/es\/mission\/8-b-pulse-senegal-participer-a-la-sensibilisation-a-la-solidarite-internationale-2022-2025\/\" \/>\n<meta property=\"og:site_name\" content=\"Plan\u00e8te Urgence\" \/>\n<meta property=\"article:publisher\" content=\"https:\/\/www.facebook.com\/planete.urgence\/\" \/>\n<meta property=\"article:modified_time\" content=\"2026-04-30T09:54:58+00:00\" \/>\n<meta name=\"twitter:card\" content=\"summary_large_image\" \/>\n<meta name=\"twitter:site\" content=\"@PlaneteUrgence\" \/>\n<script type=\"application\/ld+json\" class=\"yoast-schema-graph\">{\"@context\":\"https:\\\/\\\/schema.org\",\"@graph\":[{\"@type\":\"WebPage\",\"@id\":\"https:\\\/\\\/planete-urgence.org\\\/es\\\/mission\\\/8-b-pulse-senegal-participer-a-la-sensibilisation-a-la-solidarite-internationale-2022-2025\\\/\",\"url\":\"https:\\\/\\\/planete-urgence.org\\\/es\\\/mission\\\/8-b-pulse-senegal-participer-a-la-sensibilisation-a-la-solidarite-internationale-2022-2025\\\/\",\"name\":\"2022\\\/2025 - 8.B - PULSE SENEGAL - Participer \u00e0 la sensibilisation \u00e0 la Solidarit\u00e9 Internationale - Plan\u00e8te Urgence\",\"isPartOf\":{\"@id\":\"https:\\\/\\\/planete-urgence.org\\\/es\\\/#website\"},\"datePublished\":\"2022-09-23T20:39:56+00:00\",\"dateModified\":\"2026-04-30T09:54:58+00:00\",\"breadcrumb\":{\"@id\":\"https:\\\/\\\/planete-urgence.org\\\/es\\\/mission\\\/8-b-pulse-senegal-participer-a-la-sensibilisation-a-la-solidarite-internationale-2022-2025\\\/#breadcrumb\"},\"inLanguage\":\"es\",\"potentialAction\":[{\"@type\":\"ReadAction\",\"target\":[\"https:\\\/\\\/planete-urgence.org\\\/es\\\/mission\\\/8-b-pulse-senegal-participer-a-la-sensibilisation-a-la-solidarite-internationale-2022-2025\\\/\"]}]},{\"@type\":\"BreadcrumbList\",\"@id\":\"https:\\\/\\\/planete-urgence.org\\\/es\\\/mission\\\/8-b-pulse-senegal-participer-a-la-sensibilisation-a-la-solidarite-internationale-2022-2025\\\/#breadcrumb\",\"itemListElement\":[{\"@type\":\"ListItem\",\"position\":1,\"name\":\"Accueil\",\"item\":\"https:\\\/\\\/planete-urgence.org\\\/es\\\/\"},{\"@type\":\"ListItem\",\"position\":2,\"name\":\"Missions\",\"item\":\"https:\\\/\\\/planete-urgence.org\\\/es\\\/mission\\\/\"},{\"@type\":\"ListItem\",\"position\":3,\"name\":\"2022\\\/2025 &#8211; 8.B &#8211; PULSE SENEGAL &#8211; Participer \u00e0 la sensibilisation \u00e0 la Solidarit\u00e9 Internationale\"}]},{\"@type\":\"WebSite\",\"@id\":\"https:\\\/\\\/planete-urgence.org\\\/es\\\/#website\",\"url\":\"https:\\\/\\\/planete-urgence.org\\\/es\\\/\",\"name\":\"Plan\u00e8te Urgence\",\"description\":\"Volontariat &amp; d\u00e9veloppement\",\"publisher\":{\"@id\":\"https:\\\/\\\/planete-urgence.org\\\/es\\\/#organization\"},\"potentialAction\":[{\"@type\":\"SearchAction\",\"target\":{\"@type\":\"EntryPoint\",\"urlTemplate\":\"https:\\\/\\\/planete-urgence.org\\\/es\\\/?s={search_term_string}\"},\"query-input\":{\"@type\":\"PropertyValueSpecification\",\"valueRequired\":true,\"valueName\":\"search_term_string\"}}],\"inLanguage\":\"es\"},{\"@type\":\"Organization\",\"@id\":\"https:\\\/\\\/planete-urgence.org\\\/es\\\/#organization\",\"name\":\"Plan\u00e8te Urgence\",\"url\":\"https:\\\/\\\/planete-urgence.org\\\/es\\\/\",\"logo\":{\"@type\":\"ImageObject\",\"inLanguage\":\"es\",\"@id\":\"https:\\\/\\\/planete-urgence.org\\\/es\\\/#\\\/schema\\\/logo\\\/image\\\/\",\"url\":\"https:\\\/\\\/planete-urgence.org\\\/wp-content\\\/uploads\\\/2021\\\/03\\\/logo-pu.png\",\"contentUrl\":\"https:\\\/\\\/planete-urgence.org\\\/wp-content\\\/uploads\\\/2021\\\/03\\\/logo-pu.png\",\"width\":187,\"height\":120,\"caption\":\"Plan\u00e8te Urgence\"},\"image\":{\"@id\":\"https:\\\/\\\/planete-urgence.org\\\/es\\\/#\\\/schema\\\/logo\\\/image\\\/\"},\"sameAs\":[\"https:\\\/\\\/www.facebook.com\\\/planete.urgence\\\/\",\"https:\\\/\\\/x.com\\\/PlaneteUrgence\"]}]}<\/script>\n<!-- \/ Yoast SEO plugin. -->","yoast_head_json":{"title":"2022\/2025 - 8.B - PULSE SENEGAL - Participer \u00e0 la sensibilisation \u00e0 la Solidarit\u00e9 Internationale - Plan\u00e8te Urgence","robots":{"index":"index","follow":"follow","max-snippet":"max-snippet:-1","max-image-preview":"max-image-preview:large","max-video-preview":"max-video-preview:-1"},"canonical":"https:\/\/planete-urgence.org\/es\/mission\/8-b-pulse-senegal-participer-a-la-sensibilisation-a-la-solidarite-internationale-2022-2025\/","og_locale":"es_ES","og_type":"article","og_title":"2022\/2025 - 8.B - PULSE SENEGAL - Participer \u00e0 la sensibilisation \u00e0 la Solidarit\u00e9 Internationale - Plan\u00e8te Urgence","og_url":"https:\/\/planete-urgence.org\/es\/mission\/8-b-pulse-senegal-participer-a-la-sensibilisation-a-la-solidarite-internationale-2022-2025\/","og_site_name":"Plan\u00e8te Urgence","article_publisher":"https:\/\/www.facebook.com\/planete.urgence\/","article_modified_time":"2026-04-30T09:54:58+00:00","twitter_card":"summary_large_image","twitter_site":"@PlaneteUrgence","schema":{"@context":"https:\/\/schema.org","@graph":[{"@type":"WebPage","@id":"https:\/\/planete-urgence.org\/es\/mission\/8-b-pulse-senegal-participer-a-la-sensibilisation-a-la-solidarite-internationale-2022-2025\/","url":"https:\/\/planete-urgence.org\/es\/mission\/8-b-pulse-senegal-participer-a-la-sensibilisation-a-la-solidarite-internationale-2022-2025\/","name":"2022\/2025 - 8.B - PULSE SENEGAL - Participer \u00e0 la sensibilisation \u00e0 la Solidarit\u00e9 Internationale - Plan\u00e8te Urgence","isPartOf":{"@id":"https:\/\/planete-urgence.org\/es\/#website"},"datePublished":"2022-09-23T20:39:56+00:00","dateModified":"2026-04-30T09:54:58+00:00","breadcrumb":{"@id":"https:\/\/planete-urgence.org\/es\/mission\/8-b-pulse-senegal-participer-a-la-sensibilisation-a-la-solidarite-internationale-2022-2025\/#breadcrumb"},"inLanguage":"es","potentialAction":[{"@type":"ReadAction","target":["https:\/\/planete-urgence.org\/es\/mission\/8-b-pulse-senegal-participer-a-la-sensibilisation-a-la-solidarite-internationale-2022-2025\/"]}]},{"@type":"BreadcrumbList","@id":"https:\/\/planete-urgence.org\/es\/mission\/8-b-pulse-senegal-participer-a-la-sensibilisation-a-la-solidarite-internationale-2022-2025\/#breadcrumb","itemListElement":[{"@type":"ListItem","position":1,"name":"Accueil","item":"https:\/\/planete-urgence.org\/es\/"},{"@type":"ListItem","position":2,"name":"Missions","item":"https:\/\/planete-urgence.org\/es\/mission\/"},{"@type":"ListItem","position":3,"name":"2022\/2025 &#8211; 8.B &#8211; PULSE SENEGAL &#8211; Participer \u00e0 la sensibilisation \u00e0 la Solidarit\u00e9 Internationale"}]},{"@type":"WebSite","@id":"https:\/\/planete-urgence.org\/es\/#website","url":"https:\/\/planete-urgence.org\/es\/","name":"Plan\u00e8te Urgence","description":"Volontariat &amp; d\u00e9veloppement","publisher":{"@id":"https:\/\/planete-urgence.org\/es\/#organization"},"potentialAction":[{"@type":"SearchAction","target":{"@type":"EntryPoint","urlTemplate":"https:\/\/planete-urgence.org\/es\/?s={search_term_string}"},"query-input":{"@type":"PropertyValueSpecification","valueRequired":true,"valueName":"search_term_string"}}],"inLanguage":"es"},{"@type":"Organization","@id":"https:\/\/planete-urgence.org\/es\/#organization","name":"Plan\u00e8te Urgence","url":"https:\/\/planete-urgence.org\/es\/","logo":{"@type":"ImageObject","inLanguage":"es","@id":"https:\/\/planete-urgence.org\/es\/#\/schema\/logo\/image\/","url":"https:\/\/planete-urgence.org\/wp-content\/uploads\/2021\/03\/logo-pu.png","contentUrl":"https:\/\/planete-urgence.org\/wp-content\/uploads\/2021\/03\/logo-pu.png","width":187,"height":120,"caption":"Plan\u00e8te Urgence"},"image":{"@id":"https:\/\/planete-urgence.org\/es\/#\/schema\/logo\/image\/"},"sameAs":["https:\/\/www.facebook.com\/planete.urgence\/","https:\/\/x.com\/PlaneteUrgence"]}]}},"_links":{"self":[{"href":"https:\/\/planete-urgence.org\/es\/wp-json\/wp\/v2\/mission\/10014","targetHints":{"allow":["GET"]}}],"collection":[{"href":"https:\/\/planete-urgence.org\/es\/wp-json\/wp\/v2\/mission"}],"about":[{"href":"https:\/\/planete-urgence.org\/es\/wp-json\/wp\/v2\/types\/mission"}],"wp:attachment":[{"href":"https:\/\/planete-urgence.org\/es\/wp-json\/wp\/v2\/media?parent=10014"}],"curies":[{"name":"wp","href":"https:\/\/api.w.org\/{rel}","templated":true}]}}